{"id":7,"date":"2026-07-27T13:57:03","date_gmt":"2026-07-27T13:57:03","guid":{"rendered":"https:\/\/wp.the-fabric-radevormwald.de\/?page_id=7"},"modified":"2026-08-07T08:51:28","modified_gmt":"2026-08-07T08:51:28","slug":"home","status":"publish","type":"page","link":"https:\/\/www.the-fabric-radevormwald.de\/","title":{"rendered":"Home"},"content":{"rendered":"<p><div class=\"fusion-fullwidth fullwidth-box fusion-builder-row-1 fusion-flex-container has-pattern-background has-mask-background nonhundred-percent-fullwidth non-hundred-percent-height-scrolling\" style=\"--awb-border-radius-top-left:0px;--awb-border-radius-top-right:0px;--awb-border-radius-bottom-right:0px;--awb-border-radius-bottom-left:0px;--awb-padding-top:100px;--awb-padding-bottom:120px;--awb-padding-top-medium:60px;--awb-padding-bottom-medium:80px;--awb-padding-top-small:30px;--awb-padding-bottom-small:40px;--awb-background-color:var(--awb-color5);--awb-flex-wrap:wrap;\" ><div class=\"fusion-builder-row fusion-row fusion-flex-align-items-flex-start fusion-flex-content-wrap\" style=\"max-width:1248px;margin-left: calc(-4% \/ 2 );margin-right: calc(-4% \/ 2 );\"><div class=\"fusion-layout-column fusion_builder_column fusion-builder-column-0 fusion_builder_column_1_1 1_1 fusion-flex-column\" style=\"--awb-bg-size:cover;--awb-width-large:100%;--awb-margin-top-large:0px;--awb-spacing-right-large:1.92%;--awb-margin-bottom-large:20px;--awb-spacing-left-large:1.92%;--awb-width-medium:100%;--awb-order-medium:0;--awb-spacing-right-medium:1.92%;--awb-spacing-left-medium:1.92%;--awb-width-small:100%;--awb-order-small:0;--awb-spacing-right-small:1.92%;--awb-spacing-left-small:1.92%;\"><div class=\"fusion-column-wrapper fusion-column-has-shadow fusion-flex-justify-content-flex-start fusion-content-layout-column\"><div class=\"fusion-title title fusion-title-1 fusion-sep-none fusion-title-center fusion-title-text fusion-title-size-one fusion-animated\" style=\"--awb-text-color:var(--awb-color4);--awb-margin-bottom:60px;--awb-margin-top-small:10px;--awb-margin-right-small:0px;--awb-margin-bottom-small:10px;--awb-margin-left-small:0px;--awb-font-size:90px;\" data-animationType=\"fadeInDown\" data-animationDuration=\"0.3\" data-animationOffset=\"top-into-view\"><h1 class=\"fusion-title-heading title-heading-center fusion-responsive-typography-calculated\" style=\"font-family:&quot;Oswald&quot;;font-style:normal;font-weight:700;margin:0;letter-spacing:.025em;text-transform:uppercase;font-size:1em;--fontSize:90;line-height:var(--awb-typography1-line-height);\">Willkommen in THE FABRIC!<\/h1><\/div><div class=\"fusion-title title fusion-title-2 fusion-sep-none fusion-title-center fusion-title-text fusion-title-size-two fusion-animated\" style=\"--awb-text-color:var(--awb-color1);--awb-margin-top-small:10px;--awb-margin-right-small:0px;--awb-margin-bottom-small:10px;--awb-margin-left-small:0px;--awb-font-size:50px;\" data-animationType=\"fadeInDown\" data-animationDuration=\"0.3\" data-animationOffset=\"top-into-view\"><h2 class=\"fusion-title-heading title-heading-center fusion-responsive-typography-calculated\" style=\"margin:0;text-transform:uppercase;font-size:1em;--fontSize:50;line-height:var(--awb-typography1-line-height);\">Auf dem Areal und in den Geb\u00e4uden der ehemaligen Textilfabrik Hardt &amp; Pocorny in Radevormwald bei Wuppertal w\u00e4chst das Neue im Alten.<\/h2><\/div><div class=\"fusion-title title fusion-title-3 fusion-sep-none fusion-title-center fusion-title-text fusion-title-size-two fusion-animated\" style=\"--awb-text-color:var(--awb-color4);--awb-margin-top-small:10px;--awb-margin-right-small:0px;--awb-margin-bottom-small:10px;--awb-margin-left-small:0px;--awb-font-size:50px;\" data-animationType=\"fadeInDown\" data-animationDuration=\"0.3\" data-animationOffset=\"top-into-view\"><h2 class=\"fusion-title-heading title-heading-center fusion-responsive-typography-calculated\" style=\"margin:0;text-transform:uppercase;font-size:1em;--fontSize:50;line-height:var(--awb-typography1-line-height);\">Hier werden Arbeit, Wohnen und Well-Being zu einem inspirierenden Netzwerk verwoben.<\/h2><\/div><div class=\"fusion-image-element\" style=\"text-align:center;--awb-margin-top:45px;--awb-margin-bottom:45px;--awb-max-width:143px;--awb-caption-title-font-family:var(--h2_typography-font-family);--awb-caption-title-font-weight:var(--h2_typography-font-weight);--awb-caption-title-font-style:var(--h2_typography-font-style);--awb-caption-title-size:var(--h2_typography-font-size);--awb-caption-title-transform:var(--h2_typography-text-transform);--awb-caption-title-line-height:var(--h2_typography-line-height);--awb-caption-title-letter-spacing:var(--h2_typography-letter-spacing);\"><span class=\" fusion-imageframe imageframe-none imageframe-1 hover-type-none fusion-animated\" data-animationType=\"flipinx\" data-animationDuration=\"0.6\" data-animationDelay=\"0.3\" data-animationOffset=\"top-into-view\"><img decoding=\"async\" width=\"287\" height=\"443\" src=\"https:\/\/www.the-fabric-radevormwald.de\/wp-content\/uploads\/2026\/07\/the-fabric-icon-w.png\" data-orig-src=\"https:\/\/www.the-fabric-radevormwald.de\/wp-content\/uploads\/2026\/07\/the-fabric-icon-w.png\" alt class=\"lazyload img-responsive wp-image-71\" srcset=\"data:image\/svg+xml,%3Csvg%20xmlns%3D%27http%3A%2F%2Fwww.w3.org%2F2000%2Fsvg%27%20width%3D%27287%27%20height%3D%27443%27%20viewBox%3D%270%200%20287%20443%27%3E%3Crect%20width%3D%27287%27%20height%3D%27443%27%20fill-opacity%3D%220%22%2F%3E%3C%2Fsvg%3E\" data-srcset=\"https:\/\/www.the-fabric-radevormwald.de\/wp-content\/uploads\/2026\/07\/the-fabric-icon-w-200x309.png 200w, https:\/\/www.the-fabric-radevormwald.de\/wp-content\/uploads\/2026\/07\/the-fabric-icon-w.png 287w\" data-sizes=\"auto\" data-orig-sizes=\"(max-width: 640px) 100vw, 287px\" \/><\/span><\/div><div class=\"fusion-text fusion-text-1 fusion-animated\" style=\"--awb-text-color:var(--awb-color1);--awb-text-font-family:&quot;Outfit&quot;;--awb-text-font-style:normal;--awb-text-font-weight:400;\" data-animationType=\"fadeInDown\" data-animationDuration=\"0.3\" data-animationOffset=\"top-into-view\"><p style=\"text-align: center;\">An diesem Ort entsteht ein neuer Stadtteil, der den Komfort eines Luxus-Retreats und das Lebensgef\u00fchl eines urbanen Szenequartiers mit dem gesunden Klima inmitten eines Naturschutzgebietes verbindet.<\/p>\n<p style=\"text-align: center;\">Im nachhaltigsten Geb\u00e4udekomplex Deutschlands:<\/p>\n<\/div><div class=\"fusion-image-element\" style=\"text-align:center;--awb-margin-top:40px;--awb-margin-top-medium:30px;--awb-margin-top-small:15px;--awb-max-width:758px;--awb-caption-title-font-family:var(--h2_typography-font-family);--awb-caption-title-font-weight:var(--h2_typography-font-weight);--awb-caption-title-font-style:var(--h2_typography-font-style);--awb-caption-title-size:var(--h2_typography-font-size);--awb-caption-title-transform:var(--h2_typography-text-transform);--awb-caption-title-line-height:var(--h2_typography-line-height);--awb-caption-title-letter-spacing:var(--h2_typography-letter-spacing);\"><span class=\" fusion-imageframe imageframe-none imageframe-2 hover-type-none fusion-animated\" data-animationType=\"fadeInDown\" data-animationDuration=\"0.3\" data-animationOffset=\"top-into-view\"><img decoding=\"async\" width=\"1743\" height=\"255\" alt=\"THE FABRIC\" src=\"https:\/\/www.the-fabric-radevormwald.de\/wp-content\/uploads\/2026\/07\/the-fabric-logo-gold.png\" data-orig-src=\"https:\/\/www.the-fabric-radevormwald.de\/wp-content\/uploads\/2026\/07\/the-fabric-logo-gold.png\" class=\"lazyload img-responsive wp-image-81\" srcset=\"data:image\/svg+xml,%3Csvg%20xmlns%3D%27http%3A%2F%2Fwww.w3.org%2F2000%2Fsvg%27%20width%3D%271743%27%20height%3D%27255%27%20viewBox%3D%270%200%201743%20255%27%3E%3Crect%20width%3D%271743%27%20height%3D%27255%27%20fill-opacity%3D%220%22%2F%3E%3C%2Fsvg%3E\" data-srcset=\"https:\/\/www.the-fabric-radevormwald.de\/wp-content\/uploads\/2026\/07\/the-fabric-logo-gold-200x29.png 200w, https:\/\/www.the-fabric-radevormwald.de\/wp-content\/uploads\/2026\/07\/the-fabric-logo-gold-400x59.png 400w, https:\/\/www.the-fabric-radevormwald.de\/wp-content\/uploads\/2026\/07\/the-fabric-logo-gold-600x88.png 600w, https:\/\/www.the-fabric-radevormwald.de\/wp-content\/uploads\/2026\/07\/the-fabric-logo-gold-800x117.png 800w, https:\/\/www.the-fabric-radevormwald.de\/wp-content\/uploads\/2026\/07\/the-fabric-logo-gold-1200x176.png 1200w, https:\/\/www.the-fabric-radevormwald.de\/wp-content\/uploads\/2026\/07\/the-fabric-logo-gold.png 1743w\" data-sizes=\"auto\" data-orig-sizes=\"(max-width: 640px) 100vw, 1200px\" \/><\/span><\/div><\/div><\/div><\/div><\/div><div class=\"fusion-fullwidth fullwidth-box fusion-builder-row-2 fusion-flex-container has-pattern-background has-mask-background hundred-percent-fullwidth non-hundred-percent-height-scrolling\" style=\"--awb-border-radius-top-left:0px;--awb-border-radius-top-right:0px;--awb-border-radius-bottom-right:0px;--awb-border-radius-bottom-left:0px;--awb-padding-top:0px;--awb-padding-right:0px;--awb-padding-bottom:0px;--awb-padding-left:0px;--awb-padding-right-medium:0px;--awb-padding-left-medium:0px;--awb-padding-right-small:0px;--awb-padding-left-small:0px;--awb-margin-top:0px;--awb-margin-bottom:0px;--awb-background-color:rgba(255,255,255,0);--awb-flex-wrap:wrap;\" ><div class=\"fusion-builder-row fusion-row fusion-flex-align-items-flex-start fusion-flex-content-wrap\" style=\"width:104% !important;max-width:104% !important;margin-left: calc(-4% \/ 2 );margin-right: calc(-4% \/ 2 );\"><div class=\"fusion-layout-column fusion_builder_column fusion-builder-column-1 fusion_builder_column_1_1 1_1 fusion-flex-column\" style=\"--awb-padding-top:0px;--awb-padding-bottom:0px;--awb-bg-size:cover;--awb-width-large:100%;--awb-margin-top-large:0px;--awb-spacing-right-large:1.92%;--awb-margin-bottom-large:0px;--awb-spacing-left-large:1.92%;--awb-width-medium:100%;--awb-order-medium:0;--awb-spacing-right-medium:1.92%;--awb-spacing-left-medium:1.92%;--awb-width-small:100%;--awb-order-small:0;--awb-spacing-right-small:1.92%;--awb-spacing-left-small:1.92%;\" data-scroll-devices=\"small-visibility,medium-visibility,large-visibility\"><div class=\"fusion-column-wrapper fusion-column-has-shadow fusion-flex-justify-content-flex-start fusion-content-layout-column\"><div class=\"fusion-image-carousel fusion-image-carousel-auto fusion-image-carousel-1 fusion-no-small-visibility kb-carousel\"><div data-slide-effect=\"slide\" class=\"awb-carousel awb-swiper awb-swiper-carousel awb-carousel--slider awb-swiper-dots-position-bottom\" data-layout=\"slider\" data-autoplay=\"yes\" data-autoplayspeed=\"3500\" data-autoplaypause=\"no\" data-loop=\"yes\" data-columns=\"5\" data-columnsmedium=\"1\" data-columnssmall=\"1\" data-itemmargin=\"13\" data-itemwidth=\"180\" data-touchscroll=\"no\" data-freemode=\"no\" data-imagesize=\"auto\" data-scrollitems=\"0\" data-scrollitems-medium=\"0\" data-scrollitems-small=\"0\" data-centeredslides=\"no\" data-rotationangle=\"50\" data-depth=\"100\" data-speed=\"1000\" data-shadow=\"no\" data-pagination=\"bullets\" style=\"--awb-arrow-size:20px;--awb-dots-align:center;\"><div class=\"swiper-wrapper awb-image-carousel-wrapper fusion-flex-align-items-center\"><div class=\"swiper-slide\"><div class=\"fusion-carousel-item-wrapper\"><div class=\"fusion-image-wrapper hover-type-none\"><img decoding=\"async\" width=\"2560\" height=\"1396\" src=\"https:\/\/www.the-fabric-radevormwald.de\/wp-content\/uploads\/2026\/08\/tf-01-scaled.jpg\" class=\"attachment-full size-full lazyload\" alt=\"\" srcset=\"data:image\/svg+xml,%3Csvg%20xmlns%3D%27http%3A%2F%2Fwww.w3.org%2F2000%2Fsvg%27%20width%3D%272560%27%20height%3D%271396%27%20viewBox%3D%270%200%202560%201396%27%3E%3Crect%20width%3D%272560%27%20height%3D%271396%27%20fill-opacity%3D%220%22%2F%3E%3C%2Fsvg%3E\" data-orig-src=\"https:\/\/www.the-fabric-radevormwald.de\/wp-content\/uploads\/2026\/08\/tf-01-scaled.jpg\" data-srcset=\"https:\/\/www.the-fabric-radevormwald.de\/wp-content\/uploads\/2026\/08\/tf-01-200x109.jpg 200w, https:\/\/www.the-fabric-radevormwald.de\/wp-content\/uploads\/2026\/08\/tf-01-300x164.jpg 300w, https:\/\/www.the-fabric-radevormwald.de\/wp-content\/uploads\/2026\/08\/tf-01-400x218.jpg 400w, https:\/\/www.the-fabric-radevormwald.de\/wp-content\/uploads\/2026\/08\/tf-01-600x327.jpg 600w, https:\/\/www.the-fabric-radevormwald.de\/wp-content\/uploads\/2026\/08\/tf-01-768x419.jpg 768w, https:\/\/www.the-fabric-radevormwald.de\/wp-content\/uploads\/2026\/08\/tf-01-800x436.jpg 800w, https:\/\/www.the-fabric-radevormwald.de\/wp-content\/uploads\/2026\/08\/tf-01-1024x559.jpg 1024w, https:\/\/www.the-fabric-radevormwald.de\/wp-content\/uploads\/2026\/08\/tf-01-1200x655.jpg 1200w, https:\/\/www.the-fabric-radevormwald.de\/wp-content\/uploads\/2026\/08\/tf-01-1536x838.jpg 1536w, https:\/\/www.the-fabric-radevormwald.de\/wp-content\/uploads\/2026\/08\/tf-01-scaled.jpg 2560w\" data-sizes=\"auto\" \/><\/div><\/div><\/div><\/div><div class=\"awb-swiper-button awb-swiper-button-prev\"><i class=\"awb-icon-angle-left\" aria-hidden=\"true\"><\/i><\/div><div class=\"awb-swiper-button awb-swiper-button-next\"><i class=\"awb-icon-angle-right\" aria-hidden=\"true\"><\/i><\/div><\/div><\/div><div class=\"fusion-image-carousel fusion-image-carousel-auto fusion-image-carousel-2 fusion-no-medium-visibility fusion-no-large-visibility\"><div data-slide-effect=\"fade\" class=\"awb-carousel awb-swiper awb-swiper-carousel awb-carousel--slider awb-swiper-dots-position-bottom\" data-layout=\"slider\" data-autoplay=\"no\" data-autoplayspeed=\"2500\" data-autoplaypause=\"no\" data-loop=\"yes\" data-columns=\"5\" data-columnsmedium=\"1\" data-columnssmall=\"1\" data-itemmargin=\"13\" data-itemwidth=\"180\" data-touchscroll=\"no\" data-freemode=\"no\" data-imagesize=\"auto\" data-scrollitems=\"0\" data-scrollitems-medium=\"0\" data-scrollitems-small=\"0\" data-centeredslides=\"no\" data-rotationangle=\"50\" data-depth=\"100\" data-speed=\"500\" data-shadow=\"no\" data-pagination=\"bullets\" style=\"--awb-dots-align:center;\"><div class=\"swiper-wrapper awb-image-carousel-wrapper fusion-flex-align-items-center\"><div class=\"swiper-slide\"><div class=\"fusion-carousel-item-wrapper\"><div class=\"fusion-image-wrapper hover-type-none\"><img decoding=\"async\" width=\"794\" height=\"990\" src=\"https:\/\/www.the-fabric-radevormwald.de\/wp-content\/uploads\/2026\/08\/tf-01-mobile.jpg\" class=\"attachment-full size-full lazyload\" alt=\"\" srcset=\"data:image\/svg+xml,%3Csvg%20xmlns%3D%27http%3A%2F%2Fwww.w3.org%2F2000%2Fsvg%27%20width%3D%27794%27%20height%3D%27990%27%20viewBox%3D%270%200%20794%20990%27%3E%3Crect%20width%3D%27794%27%20height%3D%27990%27%20fill-opacity%3D%220%22%2F%3E%3C%2Fsvg%3E\" data-orig-src=\"https:\/\/www.the-fabric-radevormwald.de\/wp-content\/uploads\/2026\/08\/tf-01-mobile.jpg\" data-srcset=\"https:\/\/www.the-fabric-radevormwald.de\/wp-content\/uploads\/2026\/08\/tf-01-mobile-200x249.jpg 200w, https:\/\/www.the-fabric-radevormwald.de\/wp-content\/uploads\/2026\/08\/tf-01-mobile-241x300.jpg 241w, https:\/\/www.the-fabric-radevormwald.de\/wp-content\/uploads\/2026\/08\/tf-01-mobile-400x499.jpg 400w, https:\/\/www.the-fabric-radevormwald.de\/wp-content\/uploads\/2026\/08\/tf-01-mobile-600x748.jpg 600w, https:\/\/www.the-fabric-radevormwald.de\/wp-content\/uploads\/2026\/08\/tf-01-mobile-768x958.jpg 768w, https:\/\/www.the-fabric-radevormwald.de\/wp-content\/uploads\/2026\/08\/tf-01-mobile.jpg 794w\" data-sizes=\"auto\" \/><\/div><\/div><\/div><\/div><div class=\"awb-swiper-button awb-swiper-button-prev\"><i class=\"awb-icon-angle-left\" aria-hidden=\"true\"><\/i><\/div><div class=\"awb-swiper-button awb-swiper-button-next\"><i class=\"awb-icon-angle-right\" aria-hidden=\"true\"><\/i><\/div><\/div><\/div><\/div><\/div><\/div><\/div><div id=\"wohnen\" class=\"fusion-container-anchor\"><div class=\"fusion-fullwidth fullwidth-box fusion-builder-row-3 fusion-flex-container has-pattern-background has-mask-background nonhundred-percent-fullwidth non-hundred-percent-height-scrolling\" style=\"--awb-border-radius-top-left:0px;--awb-border-radius-top-right:0px;--awb-border-radius-bottom-right:0px;--awb-border-radius-bottom-left:0px;--awb-padding-top:30px;--awb-padding-bottom:30px;--awb-padding-top-medium:30px;--awb-padding-bottom-medium:30px;--awb-padding-top-small:30px;--awb-padding-bottom-small:30px;--awb-flex-wrap:wrap;\" ><div class=\"fusion-builder-row fusion-row fusion-flex-align-items-stretch fusion-flex-content-wrap\" style=\"max-width:calc( 1200px + 0px );margin-left: calc(-0px \/ 2 );margin-right: calc(-0px \/ 2 );\"><div class=\"fusion-layout-column fusion_builder_column fusion-builder-column-2 fusion_builder_column_1_2 1_2 fusion-flex-column fusion-animated\" style=\"--awb-padding-top:90px;--awb-padding-right:30px;--awb-padding-bottom:90px;--awb-padding-left:30px;--awb-padding-top-medium:90px;--awb-padding-right-medium:30px;--awb-padding-bottom-medium:90px;--awb-padding-left-medium:30px;--awb-padding-top-small:90px;--awb-padding-right-small:30px;--awb-padding-bottom-small:90px;--awb-padding-left-small:30px;--awb-bg-color:var(--awb-color2);--awb-bg-color-hover:var(--awb-color2);--awb-bg-size:cover;--awb-width-large:50%;--awb-margin-top-large:0px;--awb-spacing-right-large:0px;--awb-margin-bottom-large:20px;--awb-spacing-left-large:0px;--awb-width-medium:100%;--awb-order-medium:0;--awb-spacing-right-medium:0px;--awb-margin-bottom-medium:0;--awb-spacing-left-medium:0px;--awb-width-small:100%;--awb-order-small:0;--awb-spacing-right-small:0px;--awb-margin-bottom-small:0;--awb-spacing-left-small:0px;\" data-animationType=\"fadeInLeft\" data-animationDuration=\"0.4\" data-animationDelay=\"0.2\" data-animationOffset=\"top-into-view\" data-scroll-devices=\"small-visibility,medium-visibility,large-visibility\"><div class=\"fusion-column-wrapper fusion-column-has-shadow fusion-flex-justify-content-center fusion-content-layout-column\"><div class=\"fusion-title title fusion-title-4 fusion-sep-none fusion-title-center fusion-title-text fusion-title-size-two\" style=\"--awb-margin-top:0px;--awb-margin-bottom:0px;--awb-margin-top-small:0px;--awb-margin-right-small:0px;--awb-margin-bottom-small:0px;--awb-margin-left-small:0px;--awb-margin-top-medium:0px;--awb-margin-bottom-medium:0px;\"><h2 class=\"fusion-title-heading title-heading-center fusion-responsive-typography-calculated\" style=\"margin:0;text-transform:uppercase;--fontSize:70;line-height:var(--awb-typography1-line-height);\">THE FABRIC<\/h2><\/div><div class=\"fusion-title title fusion-title-5 fusion-sep-none fusion-title-center fusion-title-text fusion-title-size-three\" style=\"--awb-margin-top:0px;--awb-margin-top-small:0px;--awb-margin-right-small:0px;--awb-margin-bottom-small:10px;--awb-margin-left-small:0px;--awb-margin-top-medium:0px;\"><h3 class=\"fusion-title-heading title-heading-center fusion-responsive-typography-calculated\" style=\"margin:0;text-transform:uppercase;--fontSize:70;line-height:var(--awb-typography1-line-height);\">ist Wohnen 4.0<\/h3><\/div><\/div><\/div><div class=\"fusion-layout-column fusion_builder_column fusion-builder-column-3 fusion_builder_column_1_2 1_2 fusion-flex-column fusion-animated\" style=\"--awb-padding-top:30px;--awb-padding-right:30px;--awb-padding-bottom:30px;--awb-padding-left:30px;--awb-padding-top-medium:30px;--awb-padding-right-medium:0px;--awb-padding-bottom-medium:30px;--awb-padding-left-medium:0px;--awb-padding-top-small:30px;--awb-padding-right-small:0px;--awb-padding-bottom-small:30px;--awb-padding-left-small:0px;--awb-bg-color:rgba(255,255,255,0.9);--awb-bg-color-hover:rgba(255,255,255,0.9);--awb-bg-size:cover;--awb-width-large:50%;--awb-margin-top-large:0px;--awb-spacing-right-large:0px;--awb-margin-bottom-large:20px;--awb-spacing-left-large:0px;--awb-width-medium:100%;--awb-order-medium:0;--awb-spacing-right-medium:0px;--awb-spacing-left-medium:0px;--awb-width-small:100%;--awb-order-small:0;--awb-spacing-right-small:0px;--awb-spacing-left-small:0px;\" data-animationType=\"fadeInLeft\" data-animationDuration=\"0.4\" data-animationDelay=\"0.6\" data-animationOffset=\"top-into-view\" data-scroll-devices=\"small-visibility,medium-visibility,large-visibility\"><div class=\"fusion-column-wrapper fusion-column-has-shadow fusion-flex-justify-content-center fusion-content-layout-column\"><div class=\"fusion-title title fusion-title-6 fusion-sep-none fusion-title-text fusion-title-size-four\" style=\"--awb-margin-bottom:30px;--awb-margin-top-small:10px;--awb-margin-right-small:0px;--awb-margin-bottom-small:30px;--awb-margin-left-small:0px;--awb-margin-bottom-medium:30px;\"><h4 class=\"fusion-title-heading title-heading-left fusion-responsive-typography-calculated\" style=\"margin:0;--fontSize:30;line-height:var(--awb-typography1-line-height);\">Wer in THE FABRIC lebt, hat alles an einem Ort. Ein ganz besonderes Zuhause mit der gro\u00dfen Geschichte der Bergischen Industriekultur.<\/h4><\/div><div class=\"fusion-text fusion-text-2\"><p>Perfekte Arbeitsbedingungen in der eigenen Wohnung oder im Coworking f\u00fcr Quartierbewohner. Und ganz viel Raum f\u00fcr ein sch\u00f6nes, gesundes und ausgewogenes Leben. Mit Caf\u00e9s und Restaurants, Gym und Spa und einzigartiger, unber\u00fchrter Natur \u2013 direkt vor der Haust\u00fcr.<\/p>\n<\/div><\/div><\/div><div class=\"fusion-layout-column fusion_builder_column fusion-builder-column-4 fusion_builder_column_1_1 1_1 fusion-flex-column\" style=\"--awb-bg-size:cover;--awb-width-large:100%;--awb-margin-top-large:0px;--awb-spacing-right-large:0px;--awb-margin-bottom-large:20px;--awb-spacing-left-large:0px;--awb-width-medium:100%;--awb-order-medium:0;--awb-spacing-right-medium:0px;--awb-spacing-left-medium:0px;--awb-width-small:100%;--awb-order-small:0;--awb-spacing-right-small:0px;--awb-spacing-left-small:0px;\"><div class=\"fusion-column-wrapper fusion-column-has-shadow fusion-flex-justify-content-flex-start fusion-content-layout-column\"><div class=\"fusion-image-element\" style=\"--awb-margin-top:20px;--awb-margin-bottom:20px;--awb-margin-top-medium:20px;--awb-margin-bottom-medium:20px;--awb-margin-top-small:0px;--awb-margin-bottom-small:15px;--awb-caption-title-font-family:var(--h2_typography-font-family);--awb-caption-title-font-weight:var(--h2_typography-font-weight);--awb-caption-title-font-style:var(--h2_typography-font-style);--awb-caption-title-size:var(--h2_typography-font-size);--awb-caption-title-transform:var(--h2_typography-text-transform);--awb-caption-title-line-height:var(--h2_typography-line-height);--awb-caption-title-letter-spacing:var(--h2_typography-letter-spacing);\"><span class=\" fusion-imageframe imageframe-none imageframe-3 hover-type-none fusion-animated\" data-animationType=\"flipinx\" data-animationDuration=\"0.6\" data-animationDelay=\"0.6\" data-animationOffset=\"top-into-view\"><img decoding=\"async\" width=\"2416\" height=\"213\" src=\"https:\/\/www.the-fabric-radevormwald.de\/wp-content\/uploads\/2026\/07\/the-fabric-icon-3gold.png\" data-orig-src=\"https:\/\/www.the-fabric-radevormwald.de\/wp-content\/uploads\/2026\/07\/the-fabric-icon-3gold.png\" alt class=\"lazyload img-responsive wp-image-130\" srcset=\"data:image\/svg+xml,%3Csvg%20xmlns%3D%27http%3A%2F%2Fwww.w3.org%2F2000%2Fsvg%27%20width%3D%272416%27%20height%3D%27213%27%20viewBox%3D%270%200%202416%20213%27%3E%3Crect%20width%3D%272416%27%20height%3D%27213%27%20fill-opacity%3D%220%22%2F%3E%3C%2Fsvg%3E\" data-srcset=\"https:\/\/www.the-fabric-radevormwald.de\/wp-content\/uploads\/2026\/07\/the-fabric-icon-3gold-200x18.png 200w, https:\/\/www.the-fabric-radevormwald.de\/wp-content\/uploads\/2026\/07\/the-fabric-icon-3gold-400x35.png 400w, https:\/\/www.the-fabric-radevormwald.de\/wp-content\/uploads\/2026\/07\/the-fabric-icon-3gold-600x53.png 600w, https:\/\/www.the-fabric-radevormwald.de\/wp-content\/uploads\/2026\/07\/the-fabric-icon-3gold-800x71.png 800w, https:\/\/www.the-fabric-radevormwald.de\/wp-content\/uploads\/2026\/07\/the-fabric-icon-3gold-1200x106.png 1200w, https:\/\/www.the-fabric-radevormwald.de\/wp-content\/uploads\/2026\/07\/the-fabric-icon-3gold.png 2416w\" data-sizes=\"auto\" data-orig-sizes=\"(max-width: 640px) 100vw, 2416px\" \/><\/span><\/div><\/div><\/div><\/div><\/div><\/div><div class=\"fusion-fullwidth fullwidth-box fusion-builder-row-4 fusion-flex-container has-pattern-background has-mask-background hundred-percent-fullwidth non-hundred-percent-height-scrolling\" style=\"--awb-border-radius-top-left:0px;--awb-border-radius-top-right:0px;--awb-border-radius-bottom-right:0px;--awb-border-radius-bottom-left:0px;--awb-padding-top:0px;--awb-padding-right:0px;--awb-padding-bottom:0px;--awb-padding-left:0px;--awb-padding-right-medium:0px;--awb-padding-left-medium:0px;--awb-padding-right-small:0px;--awb-padding-left-small:0px;--awb-margin-top:0px;--awb-margin-bottom:0px;--awb-background-color:rgba(255,255,255,0);--awb-flex-wrap:wrap;\" ><div class=\"fusion-builder-row fusion-row fusion-flex-align-items-flex-start fusion-flex-content-wrap\" style=\"width:104% !important;max-width:104% !important;margin-left: calc(-4% \/ 2 );margin-right: calc(-4% \/ 2 );\"><div class=\"fusion-layout-column fusion_builder_column fusion-builder-column-5 fusion_builder_column_1_1 1_1 fusion-flex-column\" style=\"--awb-padding-top:0px;--awb-padding-bottom:0px;--awb-bg-size:cover;--awb-width-large:100%;--awb-margin-top-large:0px;--awb-spacing-right-large:1.92%;--awb-margin-bottom-large:0px;--awb-spacing-left-large:1.92%;--awb-width-medium:100%;--awb-order-medium:0;--awb-spacing-right-medium:1.92%;--awb-spacing-left-medium:1.92%;--awb-width-small:100%;--awb-order-small:0;--awb-spacing-right-small:1.92%;--awb-spacing-left-small:1.92%;\" data-scroll-devices=\"small-visibility,medium-visibility,large-visibility\"><div class=\"fusion-column-wrapper fusion-column-has-shadow fusion-flex-justify-content-flex-start fusion-content-layout-column\"><div class=\"fusion-image-carousel fusion-image-carousel-auto fusion-image-carousel-3 fusion-no-small-visibility\"><div data-slide-effect=\"slide\" class=\"awb-carousel awb-swiper awb-swiper-carousel awb-carousel--slider awb-swiper-dots-position-bottom\" data-layout=\"slider\" data-autoplay=\"yes\" data-autoplayspeed=\"3500\" data-autoplaypause=\"no\" data-loop=\"yes\" data-columns=\"5\" data-columnsmedium=\"1\" data-columnssmall=\"1\" data-itemmargin=\"13\" data-itemwidth=\"180\" data-touchscroll=\"drag\" data-freemode=\"no\" data-imagesize=\"auto\" data-scrollitems=\"0\" data-scrollitems-medium=\"0\" data-scrollitems-small=\"0\" data-centeredslides=\"no\" data-rotationangle=\"50\" data-depth=\"100\" data-speed=\"1000\" data-shadow=\"no\" data-pagination=\"bullets\" style=\"--awb-arrow-size:20px;--awb-dots-align:center;\"><div class=\"swiper-wrapper awb-image-carousel-wrapper fusion-flex-align-items-center\"><div class=\"swiper-slide\"><div class=\"fusion-carousel-item-wrapper\"><div class=\"fusion-image-wrapper hover-type-none\"><img decoding=\"async\" width=\"2560\" height=\"1396\" src=\"https:\/\/www.the-fabric-radevormwald.de\/wp-content\/uploads\/2026\/08\/tf-slider-01-scaled.jpg\" class=\"attachment-full size-full lazyload\" alt=\"\" srcset=\"data:image\/svg+xml,%3Csvg%20xmlns%3D%27http%3A%2F%2Fwww.w3.org%2F2000%2Fsvg%27%20width%3D%272560%27%20height%3D%271396%27%20viewBox%3D%270%200%202560%201396%27%3E%3Crect%20width%3D%272560%27%20height%3D%271396%27%20fill-opacity%3D%220%22%2F%3E%3C%2Fsvg%3E\" data-orig-src=\"https:\/\/www.the-fabric-radevormwald.de\/wp-content\/uploads\/2026\/08\/tf-slider-01-scaled.jpg\" data-srcset=\"https:\/\/www.the-fabric-radevormwald.de\/wp-content\/uploads\/2026\/08\/tf-slider-01-200x109.jpg 200w, https:\/\/www.the-fabric-radevormwald.de\/wp-content\/uploads\/2026\/08\/tf-slider-01-300x164.jpg 300w, https:\/\/www.the-fabric-radevormwald.de\/wp-content\/uploads\/2026\/08\/tf-slider-01-400x218.jpg 400w, https:\/\/www.the-fabric-radevormwald.de\/wp-content\/uploads\/2026\/08\/tf-slider-01-600x327.jpg 600w, https:\/\/www.the-fabric-radevormwald.de\/wp-content\/uploads\/2026\/08\/tf-slider-01-768x419.jpg 768w, https:\/\/www.the-fabric-radevormwald.de\/wp-content\/uploads\/2026\/08\/tf-slider-01-800x436.jpg 800w, https:\/\/www.the-fabric-radevormwald.de\/wp-content\/uploads\/2026\/08\/tf-slider-01-1024x559.jpg 1024w, https:\/\/www.the-fabric-radevormwald.de\/wp-content\/uploads\/2026\/08\/tf-slider-01-1200x655.jpg 1200w, https:\/\/www.the-fabric-radevormwald.de\/wp-content\/uploads\/2026\/08\/tf-slider-01-1536x838.jpg 1536w, https:\/\/www.the-fabric-radevormwald.de\/wp-content\/uploads\/2026\/08\/tf-slider-01-scaled.jpg 2560w\" data-sizes=\"auto\" \/><\/div><\/div><\/div><div class=\"swiper-slide\"><div class=\"fusion-carousel-item-wrapper\"><div class=\"fusion-image-wrapper hover-type-none\"><img decoding=\"async\" width=\"2560\" height=\"1396\" src=\"https:\/\/www.the-fabric-radevormwald.de\/wp-content\/uploads\/2026\/08\/tf-slider-02-scaled.jpg\" class=\"attachment-full size-full lazyload\" alt=\"\" srcset=\"data:image\/svg+xml,%3Csvg%20xmlns%3D%27http%3A%2F%2Fwww.w3.org%2F2000%2Fsvg%27%20width%3D%272560%27%20height%3D%271396%27%20viewBox%3D%270%200%202560%201396%27%3E%3Crect%20width%3D%272560%27%20height%3D%271396%27%20fill-opacity%3D%220%22%2F%3E%3C%2Fsvg%3E\" data-orig-src=\"https:\/\/www.the-fabric-radevormwald.de\/wp-content\/uploads\/2026\/08\/tf-slider-02-scaled.jpg\" data-srcset=\"https:\/\/www.the-fabric-radevormwald.de\/wp-content\/uploads\/2026\/08\/tf-slider-02-200x109.jpg 200w, https:\/\/www.the-fabric-radevormwald.de\/wp-content\/uploads\/2026\/08\/tf-slider-02-300x164.jpg 300w, https:\/\/www.the-fabric-radevormwald.de\/wp-content\/uploads\/2026\/08\/tf-slider-02-400x218.jpg 400w, https:\/\/www.the-fabric-radevormwald.de\/wp-content\/uploads\/2026\/08\/tf-slider-02-600x327.jpg 600w, https:\/\/www.the-fabric-radevormwald.de\/wp-content\/uploads\/2026\/08\/tf-slider-02-768x419.jpg 768w, https:\/\/www.the-fabric-radevormwald.de\/wp-content\/uploads\/2026\/08\/tf-slider-02-800x436.jpg 800w, https:\/\/www.the-fabric-radevormwald.de\/wp-content\/uploads\/2026\/08\/tf-slider-02-1024x559.jpg 1024w, https:\/\/www.the-fabric-radevormwald.de\/wp-content\/uploads\/2026\/08\/tf-slider-02-1200x655.jpg 1200w, https:\/\/www.the-fabric-radevormwald.de\/wp-content\/uploads\/2026\/08\/tf-slider-02-1536x838.jpg 1536w, https:\/\/www.the-fabric-radevormwald.de\/wp-content\/uploads\/2026\/08\/tf-slider-02-scaled.jpg 2560w\" data-sizes=\"auto\" \/><\/div><\/div><\/div><div class=\"swiper-slide\"><div class=\"fusion-carousel-item-wrapper\"><div class=\"fusion-image-wrapper hover-type-none\"><img decoding=\"async\" width=\"2560\" height=\"1396\" src=\"https:\/\/www.the-fabric-radevormwald.de\/wp-content\/uploads\/2026\/08\/tf-slider-03-scaled.jpg\" class=\"attachment-full size-full lazyload\" alt=\"\" srcset=\"data:image\/svg+xml,%3Csvg%20xmlns%3D%27http%3A%2F%2Fwww.w3.org%2F2000%2Fsvg%27%20width%3D%272560%27%20height%3D%271396%27%20viewBox%3D%270%200%202560%201396%27%3E%3Crect%20width%3D%272560%27%20height%3D%271396%27%20fill-opacity%3D%220%22%2F%3E%3C%2Fsvg%3E\" data-orig-src=\"https:\/\/www.the-fabric-radevormwald.de\/wp-content\/uploads\/2026\/08\/tf-slider-03-scaled.jpg\" data-srcset=\"https:\/\/www.the-fabric-radevormwald.de\/wp-content\/uploads\/2026\/08\/tf-slider-03-200x109.jpg 200w, https:\/\/www.the-fabric-radevormwald.de\/wp-content\/uploads\/2026\/08\/tf-slider-03-300x164.jpg 300w, https:\/\/www.the-fabric-radevormwald.de\/wp-content\/uploads\/2026\/08\/tf-slider-03-400x218.jpg 400w, https:\/\/www.the-fabric-radevormwald.de\/wp-content\/uploads\/2026\/08\/tf-slider-03-600x327.jpg 600w, https:\/\/www.the-fabric-radevormwald.de\/wp-content\/uploads\/2026\/08\/tf-slider-03-768x419.jpg 768w, https:\/\/www.the-fabric-radevormwald.de\/wp-content\/uploads\/2026\/08\/tf-slider-03-800x436.jpg 800w, https:\/\/www.the-fabric-radevormwald.de\/wp-content\/uploads\/2026\/08\/tf-slider-03-1024x559.jpg 1024w, https:\/\/www.the-fabric-radevormwald.de\/wp-content\/uploads\/2026\/08\/tf-slider-03-1200x655.jpg 1200w, https:\/\/www.the-fabric-radevormwald.de\/wp-content\/uploads\/2026\/08\/tf-slider-03-1536x838.jpg 1536w, https:\/\/www.the-fabric-radevormwald.de\/wp-content\/uploads\/2026\/08\/tf-slider-03-scaled.jpg 2560w\" data-sizes=\"auto\" \/><\/div><\/div><\/div><div class=\"swiper-slide\"><div class=\"fusion-carousel-item-wrapper\"><div class=\"fusion-image-wrapper hover-type-none\"><img decoding=\"async\" width=\"2560\" height=\"1396\" src=\"https:\/\/www.the-fabric-radevormwald.de\/wp-content\/uploads\/2026\/08\/tf-slider-04-scaled.jpg\" class=\"attachment-full size-full lazyload\" alt=\"\" srcset=\"data:image\/svg+xml,%3Csvg%20xmlns%3D%27http%3A%2F%2Fwww.w3.org%2F2000%2Fsvg%27%20width%3D%272560%27%20height%3D%271396%27%20viewBox%3D%270%200%202560%201396%27%3E%3Crect%20width%3D%272560%27%20height%3D%271396%27%20fill-opacity%3D%220%22%2F%3E%3C%2Fsvg%3E\" data-orig-src=\"https:\/\/www.the-fabric-radevormwald.de\/wp-content\/uploads\/2026\/08\/tf-slider-04-scaled.jpg\" data-srcset=\"https:\/\/www.the-fabric-radevormwald.de\/wp-content\/uploads\/2026\/08\/tf-slider-04-200x109.jpg 200w, https:\/\/www.the-fabric-radevormwald.de\/wp-content\/uploads\/2026\/08\/tf-slider-04-300x164.jpg 300w, https:\/\/www.the-fabric-radevormwald.de\/wp-content\/uploads\/2026\/08\/tf-slider-04-400x218.jpg 400w, https:\/\/www.the-fabric-radevormwald.de\/wp-content\/uploads\/2026\/08\/tf-slider-04-600x327.jpg 600w, https:\/\/www.the-fabric-radevormwald.de\/wp-content\/uploads\/2026\/08\/tf-slider-04-768x419.jpg 768w, https:\/\/www.the-fabric-radevormwald.de\/wp-content\/uploads\/2026\/08\/tf-slider-04-800x436.jpg 800w, https:\/\/www.the-fabric-radevormwald.de\/wp-content\/uploads\/2026\/08\/tf-slider-04-1024x559.jpg 1024w, https:\/\/www.the-fabric-radevormwald.de\/wp-content\/uploads\/2026\/08\/tf-slider-04-1200x655.jpg 1200w, https:\/\/www.the-fabric-radevormwald.de\/wp-content\/uploads\/2026\/08\/tf-slider-04-1536x838.jpg 1536w, https:\/\/www.the-fabric-radevormwald.de\/wp-content\/uploads\/2026\/08\/tf-slider-04-scaled.jpg 2560w\" data-sizes=\"auto\" \/><\/div><\/div><\/div><div class=\"swiper-slide\"><div class=\"fusion-carousel-item-wrapper\"><div class=\"fusion-image-wrapper hover-type-none\"><img decoding=\"async\" width=\"2560\" height=\"1396\" src=\"https:\/\/www.the-fabric-radevormwald.de\/wp-content\/uploads\/2026\/08\/tf-slider-05-scaled.jpg\" class=\"attachment-full size-full lazyload\" alt=\"\" srcset=\"data:image\/svg+xml,%3Csvg%20xmlns%3D%27http%3A%2F%2Fwww.w3.org%2F2000%2Fsvg%27%20width%3D%272560%27%20height%3D%271396%27%20viewBox%3D%270%200%202560%201396%27%3E%3Crect%20width%3D%272560%27%20height%3D%271396%27%20fill-opacity%3D%220%22%2F%3E%3C%2Fsvg%3E\" data-orig-src=\"https:\/\/www.the-fabric-radevormwald.de\/wp-content\/uploads\/2026\/08\/tf-slider-05-scaled.jpg\" data-srcset=\"https:\/\/www.the-fabric-radevormwald.de\/wp-content\/uploads\/2026\/08\/tf-slider-05-200x109.jpg 200w, https:\/\/www.the-fabric-radevormwald.de\/wp-content\/uploads\/2026\/08\/tf-slider-05-300x164.jpg 300w, https:\/\/www.the-fabric-radevormwald.de\/wp-content\/uploads\/2026\/08\/tf-slider-05-400x218.jpg 400w, https:\/\/www.the-fabric-radevormwald.de\/wp-content\/uploads\/2026\/08\/tf-slider-05-600x327.jpg 600w, https:\/\/www.the-fabric-radevormwald.de\/wp-content\/uploads\/2026\/08\/tf-slider-05-768x419.jpg 768w, https:\/\/www.the-fabric-radevormwald.de\/wp-content\/uploads\/2026\/08\/tf-slider-05-800x436.jpg 800w, https:\/\/www.the-fabric-radevormwald.de\/wp-content\/uploads\/2026\/08\/tf-slider-05-1024x559.jpg 1024w, https:\/\/www.the-fabric-radevormwald.de\/wp-content\/uploads\/2026\/08\/tf-slider-05-1200x655.jpg 1200w, https:\/\/www.the-fabric-radevormwald.de\/wp-content\/uploads\/2026\/08\/tf-slider-05-1536x838.jpg 1536w, https:\/\/www.the-fabric-radevormwald.de\/wp-content\/uploads\/2026\/08\/tf-slider-05-scaled.jpg 2560w\" data-sizes=\"auto\" \/><\/div><\/div><\/div><div class=\"swiper-slide\"><div class=\"fusion-carousel-item-wrapper\"><div class=\"fusion-image-wrapper hover-type-none\"><img decoding=\"async\" width=\"2560\" height=\"1396\" src=\"https:\/\/www.the-fabric-radevormwald.de\/wp-content\/uploads\/2026\/08\/tf-slider-06-scaled.jpg\" class=\"attachment-full size-full lazyload\" alt=\"\" srcset=\"data:image\/svg+xml,%3Csvg%20xmlns%3D%27http%3A%2F%2Fwww.w3.org%2F2000%2Fsvg%27%20width%3D%272560%27%20height%3D%271396%27%20viewBox%3D%270%200%202560%201396%27%3E%3Crect%20width%3D%272560%27%20height%3D%271396%27%20fill-opacity%3D%220%22%2F%3E%3C%2Fsvg%3E\" data-orig-src=\"https:\/\/www.the-fabric-radevormwald.de\/wp-content\/uploads\/2026\/08\/tf-slider-06-scaled.jpg\" data-srcset=\"https:\/\/www.the-fabric-radevormwald.de\/wp-content\/uploads\/2026\/08\/tf-slider-06-200x109.jpg 200w, https:\/\/www.the-fabric-radevormwald.de\/wp-content\/uploads\/2026\/08\/tf-slider-06-300x164.jpg 300w, https:\/\/www.the-fabric-radevormwald.de\/wp-content\/uploads\/2026\/08\/tf-slider-06-400x218.jpg 400w, https:\/\/www.the-fabric-radevormwald.de\/wp-content\/uploads\/2026\/08\/tf-slider-06-600x327.jpg 600w, https:\/\/www.the-fabric-radevormwald.de\/wp-content\/uploads\/2026\/08\/tf-slider-06-768x419.jpg 768w, https:\/\/www.the-fabric-radevormwald.de\/wp-content\/uploads\/2026\/08\/tf-slider-06-800x436.jpg 800w, https:\/\/www.the-fabric-radevormwald.de\/wp-content\/uploads\/2026\/08\/tf-slider-06-1024x559.jpg 1024w, https:\/\/www.the-fabric-radevormwald.de\/wp-content\/uploads\/2026\/08\/tf-slider-06-1200x655.jpg 1200w, https:\/\/www.the-fabric-radevormwald.de\/wp-content\/uploads\/2026\/08\/tf-slider-06-1536x838.jpg 1536w, https:\/\/www.the-fabric-radevormwald.de\/wp-content\/uploads\/2026\/08\/tf-slider-06-scaled.jpg 2560w\" data-sizes=\"auto\" \/><\/div><\/div><\/div><\/div><div class=\"awb-swiper-button awb-swiper-button-prev\"><i class=\"awb-icon-angle-left\" aria-hidden=\"true\"><\/i><\/div><div class=\"awb-swiper-button awb-swiper-button-next\"><i class=\"awb-icon-angle-right\" aria-hidden=\"true\"><\/i><\/div><\/div><\/div><div class=\"fusion-image-carousel fusion-image-carousel-auto fusion-image-carousel-4 fusion-no-medium-visibility fusion-no-large-visibility\"><div class=\"awb-carousel awb-swiper awb-swiper-carousel awb-carousel--carousel awb-swiper-dots-position-bottom\" data-layout=\"carousel\" data-autoplay=\"no\" data-autoplayspeed=\"2500\" data-autoplaypause=\"no\" data-loop=\"yes\" data-columns=\"5\" data-columnsmedium=\"1\" data-columnssmall=\"1\" data-itemmargin=\"13\" data-itemwidth=\"180\" data-touchscroll=\"drag\" data-freemode=\"no\" data-imagesize=\"auto\" data-scrollitems=\"0\" data-scrollitems-medium=\"0\" data-scrollitems-small=\"0\" data-centeredslides=\"no\" data-rotationangle=\"50\" data-depth=\"100\" data-speed=\"500\" data-shadow=\"no\" data-pagination=\"bullets\" style=\"--awb-dots-align:center;\"><div class=\"swiper-wrapper awb-image-carousel-wrapper fusion-flex-align-items-center\"><div class=\"swiper-slide\"><div class=\"fusion-carousel-item-wrapper\"><div class=\"fusion-image-wrapper hover-type-none\"><img decoding=\"async\" width=\"794\" height=\"990\" src=\"https:\/\/www.the-fabric-radevormwald.de\/wp-content\/uploads\/2026\/08\/tf-slider-01-mobile.jpg\" class=\"attachment-full size-full lazyload\" alt=\"\" srcset=\"data:image\/svg+xml,%3Csvg%20xmlns%3D%27http%3A%2F%2Fwww.w3.org%2F2000%2Fsvg%27%20width%3D%27794%27%20height%3D%27990%27%20viewBox%3D%270%200%20794%20990%27%3E%3Crect%20width%3D%27794%27%20height%3D%27990%27%20fill-opacity%3D%220%22%2F%3E%3C%2Fsvg%3E\" data-orig-src=\"https:\/\/www.the-fabric-radevormwald.de\/wp-content\/uploads\/2026\/08\/tf-slider-01-mobile.jpg\" data-srcset=\"https:\/\/www.the-fabric-radevormwald.de\/wp-content\/uploads\/2026\/08\/tf-slider-01-mobile-200x249.jpg 200w, https:\/\/www.the-fabric-radevormwald.de\/wp-content\/uploads\/2026\/08\/tf-slider-01-mobile-400x499.jpg 400w, https:\/\/www.the-fabric-radevormwald.de\/wp-content\/uploads\/2026\/08\/tf-slider-01-mobile-600x748.jpg 600w, https:\/\/www.the-fabric-radevormwald.de\/wp-content\/uploads\/2026\/08\/tf-slider-01-mobile.jpg 794w\" data-sizes=\"auto\" \/><\/div><\/div><\/div><div class=\"swiper-slide\"><div class=\"fusion-carousel-item-wrapper\"><div class=\"fusion-image-wrapper hover-type-none\"><img decoding=\"async\" width=\"794\" height=\"990\" src=\"https:\/\/www.the-fabric-radevormwald.de\/wp-content\/uploads\/2026\/08\/tf-slider-02-mobile.jpg\" class=\"attachment-full size-full lazyload\" alt=\"\" srcset=\"data:image\/svg+xml,%3Csvg%20xmlns%3D%27http%3A%2F%2Fwww.w3.org%2F2000%2Fsvg%27%20width%3D%27794%27%20height%3D%27990%27%20viewBox%3D%270%200%20794%20990%27%3E%3Crect%20width%3D%27794%27%20height%3D%27990%27%20fill-opacity%3D%220%22%2F%3E%3C%2Fsvg%3E\" data-orig-src=\"https:\/\/www.the-fabric-radevormwald.de\/wp-content\/uploads\/2026\/08\/tf-slider-02-mobile.jpg\" data-srcset=\"https:\/\/www.the-fabric-radevormwald.de\/wp-content\/uploads\/2026\/08\/tf-slider-02-mobile-200x249.jpg 200w, https:\/\/www.the-fabric-radevormwald.de\/wp-content\/uploads\/2026\/08\/tf-slider-02-mobile-400x499.jpg 400w, https:\/\/www.the-fabric-radevormwald.de\/wp-content\/uploads\/2026\/08\/tf-slider-02-mobile-600x748.jpg 600w, https:\/\/www.the-fabric-radevormwald.de\/wp-content\/uploads\/2026\/08\/tf-slider-02-mobile.jpg 794w\" data-sizes=\"auto\" \/><\/div><\/div><\/div><div class=\"swiper-slide\"><div class=\"fusion-carousel-item-wrapper\"><div class=\"fusion-image-wrapper hover-type-none\"><img decoding=\"async\" width=\"794\" height=\"990\" src=\"https:\/\/www.the-fabric-radevormwald.de\/wp-content\/uploads\/2026\/08\/tf-slider-03-mobile.jpg\" class=\"attachment-full size-full lazyload\" alt=\"\" srcset=\"data:image\/svg+xml,%3Csvg%20xmlns%3D%27http%3A%2F%2Fwww.w3.org%2F2000%2Fsvg%27%20width%3D%27794%27%20height%3D%27990%27%20viewBox%3D%270%200%20794%20990%27%3E%3Crect%20width%3D%27794%27%20height%3D%27990%27%20fill-opacity%3D%220%22%2F%3E%3C%2Fsvg%3E\" data-orig-src=\"https:\/\/www.the-fabric-radevormwald.de\/wp-content\/uploads\/2026\/08\/tf-slider-03-mobile.jpg\" data-srcset=\"https:\/\/www.the-fabric-radevormwald.de\/wp-content\/uploads\/2026\/08\/tf-slider-03-mobile-200x249.jpg 200w, https:\/\/www.the-fabric-radevormwald.de\/wp-content\/uploads\/2026\/08\/tf-slider-03-mobile-400x499.jpg 400w, https:\/\/www.the-fabric-radevormwald.de\/wp-content\/uploads\/2026\/08\/tf-slider-03-mobile-600x748.jpg 600w, https:\/\/www.the-fabric-radevormwald.de\/wp-content\/uploads\/2026\/08\/tf-slider-03-mobile.jpg 794w\" data-sizes=\"auto\" \/><\/div><\/div><\/div><div class=\"swiper-slide\"><div class=\"fusion-carousel-item-wrapper\"><div class=\"fusion-image-wrapper hover-type-none\"><img decoding=\"async\" width=\"794\" height=\"990\" src=\"https:\/\/www.the-fabric-radevormwald.de\/wp-content\/uploads\/2026\/08\/tf-slider-04-mobile.jpg\" class=\"attachment-full size-full lazyload\" alt=\"\" srcset=\"data:image\/svg+xml,%3Csvg%20xmlns%3D%27http%3A%2F%2Fwww.w3.org%2F2000%2Fsvg%27%20width%3D%27794%27%20height%3D%27990%27%20viewBox%3D%270%200%20794%20990%27%3E%3Crect%20width%3D%27794%27%20height%3D%27990%27%20fill-opacity%3D%220%22%2F%3E%3C%2Fsvg%3E\" data-orig-src=\"https:\/\/www.the-fabric-radevormwald.de\/wp-content\/uploads\/2026\/08\/tf-slider-04-mobile.jpg\" data-srcset=\"https:\/\/www.the-fabric-radevormwald.de\/wp-content\/uploads\/2026\/08\/tf-slider-04-mobile-200x249.jpg 200w, https:\/\/www.the-fabric-radevormwald.de\/wp-content\/uploads\/2026\/08\/tf-slider-04-mobile-400x499.jpg 400w, https:\/\/www.the-fabric-radevormwald.de\/wp-content\/uploads\/2026\/08\/tf-slider-04-mobile-600x748.jpg 600w, https:\/\/www.the-fabric-radevormwald.de\/wp-content\/uploads\/2026\/08\/tf-slider-04-mobile.jpg 794w\" data-sizes=\"auto\" \/><\/div><\/div><\/div><div class=\"swiper-slide\"><div class=\"fusion-carousel-item-wrapper\"><div class=\"fusion-image-wrapper hover-type-none\"><img decoding=\"async\" width=\"794\" height=\"990\" src=\"https:\/\/www.the-fabric-radevormwald.de\/wp-content\/uploads\/2026\/08\/tf-slider-05-mobile.jpg\" class=\"attachment-full size-full lazyload\" alt=\"\" srcset=\"data:image\/svg+xml,%3Csvg%20xmlns%3D%27http%3A%2F%2Fwww.w3.org%2F2000%2Fsvg%27%20width%3D%27794%27%20height%3D%27990%27%20viewBox%3D%270%200%20794%20990%27%3E%3Crect%20width%3D%27794%27%20height%3D%27990%27%20fill-opacity%3D%220%22%2F%3E%3C%2Fsvg%3E\" data-orig-src=\"https:\/\/www.the-fabric-radevormwald.de\/wp-content\/uploads\/2026\/08\/tf-slider-05-mobile.jpg\" data-srcset=\"https:\/\/www.the-fabric-radevormwald.de\/wp-content\/uploads\/2026\/08\/tf-slider-05-mobile-200x249.jpg 200w, https:\/\/www.the-fabric-radevormwald.de\/wp-content\/uploads\/2026\/08\/tf-slider-05-mobile-400x499.jpg 400w, https:\/\/www.the-fabric-radevormwald.de\/wp-content\/uploads\/2026\/08\/tf-slider-05-mobile-600x748.jpg 600w, https:\/\/www.the-fabric-radevormwald.de\/wp-content\/uploads\/2026\/08\/tf-slider-05-mobile.jpg 794w\" data-sizes=\"auto\" \/><\/div><\/div><\/div><div class=\"swiper-slide\"><div class=\"fusion-carousel-item-wrapper\"><div class=\"fusion-image-wrapper hover-type-none\"><img decoding=\"async\" width=\"794\" height=\"990\" src=\"https:\/\/www.the-fabric-radevormwald.de\/wp-content\/uploads\/2026\/08\/tf-slider-06-mobile.jpg\" class=\"attachment-full size-full lazyload\" alt=\"\" srcset=\"data:image\/svg+xml,%3Csvg%20xmlns%3D%27http%3A%2F%2Fwww.w3.org%2F2000%2Fsvg%27%20width%3D%27794%27%20height%3D%27990%27%20viewBox%3D%270%200%20794%20990%27%3E%3Crect%20width%3D%27794%27%20height%3D%27990%27%20fill-opacity%3D%220%22%2F%3E%3C%2Fsvg%3E\" data-orig-src=\"https:\/\/www.the-fabric-radevormwald.de\/wp-content\/uploads\/2026\/08\/tf-slider-06-mobile.jpg\" data-srcset=\"https:\/\/www.the-fabric-radevormwald.de\/wp-content\/uploads\/2026\/08\/tf-slider-06-mobile-200x249.jpg 200w, https:\/\/www.the-fabric-radevormwald.de\/wp-content\/uploads\/2026\/08\/tf-slider-06-mobile-400x499.jpg 400w, https:\/\/www.the-fabric-radevormwald.de\/wp-content\/uploads\/2026\/08\/tf-slider-06-mobile-600x748.jpg 600w, https:\/\/www.the-fabric-radevormwald.de\/wp-content\/uploads\/2026\/08\/tf-slider-06-mobile.jpg 794w\" data-sizes=\"auto\" \/><\/div><\/div><\/div><\/div><div class=\"awb-swiper-button awb-swiper-button-prev\"><i class=\"awb-icon-angle-left\" aria-hidden=\"true\"><\/i><\/div><div class=\"awb-swiper-button awb-swiper-button-next\"><i class=\"awb-icon-angle-right\" aria-hidden=\"true\"><\/i><\/div><\/div><\/div><\/div><\/div><\/div><\/div><div id=\"areal\" class=\"fusion-container-anchor\"><div class=\"fusion-bg-parallax\" data-bg-align=\"center bottom\" data-direction=\"up\" data-mute=\"false\" data-opacity=\"100\" data-velocity=\"-0.3\" data-mobile-enabled=\"false\" data-break_parents=\"0\" data-bg-image=\"https:\/\/www.the-fabric-radevormwald.de\/wp-content\/uploads\/2026\/07\/the-fabric-03-gelaende-scaled.jpg\" data-bg-repeat=\"false\" ><\/div><div class=\"fusion-fullwidth fullwidth-box fusion-builder-row-5 fusion-flex-container has-pattern-background has-mask-background fusion-parallax-up nonhundred-percent-fullwidth non-hundred-percent-height-scrolling lazyload\" style=\"--awb-background-position:center bottom;--awb-border-radius-top-left:0px;--awb-border-radius-top-right:0px;--awb-border-radius-bottom-right:0px;--awb-border-radius-bottom-left:0px;--awb-margin-top:-7px;--awb-min-height:1600px;--awb-min-height-medium:1600px;--awb-min-height-small:1800px;--awb-background-size:cover;--awb-flex-wrap:wrap;\" data-bg=\"https:\/\/www.the-fabric-radevormwald.de\/wp-content\/uploads\/2026\/07\/the-fabric-03-gelaende-scaled.jpg\" ><div class=\"fusion-builder-row fusion-row fusion-flex-align-items-stretch fusion-flex-align-content-flex-start fusion-flex-content-wrap\" style=\"max-width:calc( 1200px + 0px );margin-left: calc(-0px \/ 2 );margin-right: calc(-0px \/ 2 );\"><div class=\"fusion-layout-column fusion_builder_column fusion-builder-column-6 fusion_builder_column_1_2 1_2 fusion-flex-column fusion-animated\" style=\"--awb-padding-top:90px;--awb-padding-right:30px;--awb-padding-bottom:90px;--awb-padding-left:30px;--awb-padding-top-medium:90px;--awb-padding-right-medium:30px;--awb-padding-bottom-medium:90px;--awb-padding-left-medium:30px;--awb-padding-top-small:90px;--awb-padding-right-small:30px;--awb-padding-bottom-small:90px;--awb-padding-left-small:30px;--awb-row-gap-small:0px;--awb-bg-color:var(--awb-color2);--awb-bg-color-hover:var(--awb-color2);--awb-bg-size:cover;--awb-width-large:50%;--awb-margin-top-large:0px;--awb-spacing-right-large:0px;--awb-margin-bottom-large:20px;--awb-spacing-left-large:0px;--awb-width-medium:100%;--awb-order-medium:0;--awb-spacing-right-medium:0px;--awb-margin-bottom-medium:0;--awb-spacing-left-medium:0px;--awb-width-small:100%;--awb-order-small:0;--awb-spacing-right-small:0px;--awb-margin-bottom-small:0;--awb-spacing-left-small:0px;\" data-animationType=\"fadeInLeft\" data-animationDuration=\"0.4\" data-animationDelay=\"0.2\" data-animationOffset=\"top-into-view\" data-scroll-devices=\"small-visibility,medium-visibility,large-visibility\"><div class=\"fusion-column-wrapper fusion-column-has-shadow fusion-flex-justify-content-center fusion-content-layout-column\"><div class=\"fusion-title title fusion-title-7 fusion-sep-none fusion-title-center fusion-title-text fusion-title-size-two\" style=\"--awb-margin-top:0px;--awb-margin-bottom:0px;--awb-margin-top-small:0px;--awb-margin-right-small:0px;--awb-margin-bottom-small:0px;--awb-margin-left-small:0px;--awb-margin-top-medium:0px;--awb-margin-bottom-medium:0px;\"><h2 class=\"fusion-title-heading title-heading-center fusion-responsive-typography-calculated\" style=\"margin:0;text-transform:uppercase;--fontSize:70;line-height:var(--awb-typography1-line-height);\">Ein neuer Stadtteil \u2013<\/h2><\/div><div class=\"fusion-title title fusion-title-8 fusion-sep-none fusion-title-center fusion-title-text fusion-title-size-three\" style=\"--awb-margin-top:0px;--awb-margin-top-small:0px;--awb-margin-right-small:0px;--awb-margin-bottom-small:10px;--awb-margin-left-small:0px;--awb-margin-top-medium:0px;\"><h3 class=\"fusion-title-heading title-heading-center fusion-responsive-typography-calculated\" style=\"margin:0;text-transform:uppercase;--fontSize:70;line-height:var(--awb-typography1-line-height);\">mitten im Bergischen<\/h3><\/div><\/div><\/div><div class=\"fusion-layout-column fusion_builder_column fusion-builder-column-7 fusion_builder_column_1_2 1_2 fusion-flex-column fusion-animated\" style=\"--awb-padding-top:30px;--awb-padding-right:30px;--awb-padding-bottom:30px;--awb-padding-left:30px;--awb-padding-top-medium:30px;--awb-padding-right-medium:30px;--awb-padding-bottom-medium:30px;--awb-padding-left-medium:30px;--awb-padding-top-small:30px;--awb-padding-right-small:30px;--awb-padding-bottom-small:30px;--awb-padding-left-small:30px;--awb-bg-color:rgba(255,255,255,0.9);--awb-bg-color-hover:rgba(255,255,255,0.9);--awb-bg-size:cover;--awb-width-large:50%;--awb-margin-top-large:0px;--awb-spacing-right-large:0px;--awb-margin-bottom-large:20px;--awb-spacing-left-large:0px;--awb-width-medium:100%;--awb-order-medium:0;--awb-spacing-right-medium:0px;--awb-spacing-left-medium:0px;--awb-width-small:100%;--awb-order-small:0;--awb-spacing-right-small:0px;--awb-spacing-left-small:0px;\" data-animationType=\"fadeInLeft\" data-animationDuration=\"0.4\" data-animationDelay=\"0.6\" data-animationOffset=\"top-into-view\" data-scroll-devices=\"small-visibility,medium-visibility,large-visibility\"><div class=\"fusion-column-wrapper fusion-column-has-shadow fusion-flex-justify-content-center fusion-content-layout-column\"><div class=\"fusion-title title fusion-title-9 fusion-sep-none fusion-title-text fusion-title-size-four\" style=\"--awb-margin-bottom:30px;--awb-margin-top-small:10px;--awb-margin-right-small:0px;--awb-margin-bottom-small:30px;--awb-margin-left-small:0px;--awb-margin-bottom-medium:30px;\"><h4 class=\"fusion-title-heading title-heading-left fusion-responsive-typography-calculated\" style=\"margin:0;--fontSize:30;line-height:var(--awb-typography1-line-height);\">THE FABRIC ist ein urbanes Quartier im Gr\u00fcnen.<\/h4><\/div><div class=\"fusion-text fusion-text-3\"><p>Ein Areal, welches das Flair von Brooklyn Heights mit dem Service-Level eines Appartementhauses verbindet. Ein Ort, an dem aus Wohnen Wellness wird und der gleichzeitig R\u00e4ume f\u00fcrs Leben bietet.<\/p>\n<p>Arbeiten im arealeigenen Coworking-Space? Freunde, Bekannte, neue Leute treffen? Eink\u00e4ufe des t\u00e4glichen Bedarfs erledigen? Shoppen oder Inspiration sammeln? Alles m\u00f6glich. In THE FABRIC.<\/p>\n<\/div><\/div><\/div><\/div><\/div><\/div><div id=\"lage\" class=\"fusion-container-anchor\"><div class=\"fusion-bg-parallax\" data-bg-align=\"center bottom\" data-direction=\"up\" data-mute=\"false\" data-opacity=\"100\" data-velocity=\"-0.3\" data-mobile-enabled=\"false\" data-break_parents=\"0\" data-bg-image=\"https:\/\/www.the-fabric-radevormwald.de\/wp-content\/uploads\/2026\/07\/the-fabric-lage-scaled.jpg\" data-bg-repeat=\"false\" data-bg-image-small=\"https:\/\/www.the-fabric-radevormwald.de\/wp-content\/uploads\/2026\/08\/the-fabric-lage-mobile.jpg\" ><\/div><div class=\"fusion-fullwidth fullwidth-box fusion-builder-row-6 fusion-flex-container has-pattern-background has-mask-background fusion-parallax-up nonhundred-percent-fullwidth non-hundred-percent-height-scrolling lazyload\" style=\"--awb-background-position:center bottom;--awb-border-radius-top-left:0px;--awb-border-radius-top-right:0px;--awb-border-radius-bottom-right:0px;--awb-border-radius-bottom-left:0px;--awb-min-height:1600px;--awb-min-height-medium:1600px;--awb-min-height-small:1800px;--awb-background-size:cover;--awb-flex-wrap:wrap;\" data-bg=\"https:\/\/www.the-fabric-radevormwald.de\/wp-content\/uploads\/2026\/07\/the-fabric-lage-scaled.jpg\" data-fusion-responsive-bg=\"1\" data-bg-small=\"https:\/\/www.the-fabric-radevormwald.de\/wp-content\/uploads\/2026\/08\/the-fabric-lage-mobile.jpg\" ><div class=\"fusion-builder-row fusion-row fusion-flex-align-items-stretch fusion-flex-align-content-flex-start fusion-flex-content-wrap\" style=\"max-width:calc( 1200px + 0px );margin-left: calc(-0px \/ 2 );margin-right: calc(-0px \/ 2 );\"><div class=\"fusion-layout-column fusion_builder_column fusion-builder-column-8 fusion_builder_column_1_2 1_2 fusion-flex-column fusion-animated\" style=\"--awb-padding-top:90px;--awb-padding-right:30px;--awb-padding-bottom:90px;--awb-padding-left:30px;--awb-padding-top-medium:90px;--awb-padding-right-medium:30px;--awb-padding-bottom-medium:90px;--awb-padding-left-medium:30px;--awb-padding-top-small:90px;--awb-padding-right-small:30px;--awb-padding-bottom-small:90px;--awb-padding-left-small:30px;--awb-row-gap-small:0px;--awb-bg-color:var(--awb-color2);--awb-bg-color-hover:var(--awb-color2);--awb-bg-size:cover;--awb-width-large:50%;--awb-margin-top-large:0px;--awb-spacing-right-large:0px;--awb-margin-bottom-large:20px;--awb-spacing-left-large:0px;--awb-width-medium:100%;--awb-order-medium:0;--awb-spacing-right-medium:0px;--awb-margin-bottom-medium:0;--awb-spacing-left-medium:0px;--awb-width-small:100%;--awb-order-small:0;--awb-spacing-right-small:0px;--awb-margin-bottom-small:0;--awb-spacing-left-small:0px;\" data-animationType=\"fadeInLeft\" data-animationDuration=\"0.4\" data-animationDelay=\"0.2\" data-animationOffset=\"top-into-view\" data-scroll-devices=\"small-visibility,medium-visibility,large-visibility\"><div class=\"fusion-column-wrapper fusion-column-has-shadow fusion-flex-justify-content-center fusion-content-layout-column\"><div class=\"fusion-title title fusion-title-10 fusion-sep-none fusion-title-center fusion-title-text fusion-title-size-two\" style=\"--awb-margin-top:0px;--awb-margin-bottom:0px;--awb-margin-top-small:0px;--awb-margin-right-small:0px;--awb-margin-bottom-small:0px;--awb-margin-left-small:0px;--awb-margin-top-medium:0px;--awb-margin-bottom-medium:0px;\"><h2 class=\"fusion-title-heading title-heading-center fusion-responsive-typography-calculated\" style=\"margin:0;text-transform:uppercase;--fontSize:70;line-height:var(--awb-typography1-line-height);\">Neuland an<\/h2><\/div><div class=\"fusion-title title fusion-title-11 fusion-sep-none fusion-title-center fusion-title-text fusion-title-size-three\" style=\"--awb-margin-top:0px;--awb-margin-top-small:0px;--awb-margin-right-small:0px;--awb-margin-bottom-small:10px;--awb-margin-left-small:0px;--awb-margin-top-medium:0px;\"><h3 class=\"fusion-title-heading title-heading-center fusion-responsive-typography-calculated\" style=\"margin:0;text-transform:uppercase;--fontSize:70;line-height:var(--awb-typography1-line-height);\">der Wupper<\/h3><\/div><\/div><\/div><div class=\"fusion-layout-column fusion_builder_column fusion-builder-column-9 fusion_builder_column_1_2 1_2 fusion-flex-column fusion-animated\" style=\"--awb-padding-top:30px;--awb-padding-right:30px;--awb-padding-bottom:30px;--awb-padding-left:30px;--awb-padding-top-medium:30px;--awb-padding-right-medium:30px;--awb-padding-bottom-medium:30px;--awb-padding-left-medium:30px;--awb-padding-top-small:30px;--awb-padding-right-small:30px;--awb-padding-bottom-small:30px;--awb-padding-left-small:30px;--awb-bg-color:rgba(255,255,255,0.9);--awb-bg-color-hover:rgba(255,255,255,0.9);--awb-bg-size:cover;--awb-width-large:50%;--awb-margin-top-large:0px;--awb-spacing-right-large:0px;--awb-margin-bottom-large:20px;--awb-spacing-left-large:0px;--awb-width-medium:100%;--awb-order-medium:0;--awb-spacing-right-medium:0px;--awb-spacing-left-medium:0px;--awb-width-small:100%;--awb-order-small:0;--awb-spacing-right-small:0px;--awb-spacing-left-small:0px;\" data-animationType=\"fadeInLeft\" data-animationDuration=\"0.4\" data-animationDelay=\"0.6\" data-animationOffset=\"top-into-view\" data-scroll-devices=\"small-visibility,medium-visibility,large-visibility\"><div class=\"fusion-column-wrapper fusion-column-has-shadow fusion-flex-justify-content-center fusion-content-layout-column\"><div class=\"fusion-title title fusion-title-12 fusion-sep-none fusion-title-text fusion-title-size-four\" style=\"--awb-margin-bottom:30px;--awb-margin-top-small:10px;--awb-margin-right-small:0px;--awb-margin-bottom-small:30px;--awb-margin-left-small:0px;--awb-margin-bottom-medium:30px;\"><h4 class=\"fusion-title-heading title-heading-left fusion-responsive-typography-calculated\" style=\"margin:0;--fontSize:30;line-height:var(--awb-typography1-line-height);\">THE FABRIC liegt im Herzen der gr\u00f6\u00dften Metropolregion Europas.<\/h4><\/div><div class=\"fusion-text fusion-text-4\"><p>In Radevormwald, in unmittelbarer Nachbarschaft zu Wuppertal, nahe den St\u00e4dten K\u00f6ln, D\u00fcsseldorf und Essen \u2013 mitten in der unber\u00fchrten Natur des Bergischen Landes.<\/p>\n<\/div><div class=\"fusion-title title fusion-title-13 fusion-sep-none fusion-title-text fusion-title-size-five\" style=\"--awb-margin-top-small:10px;--awb-margin-right-small:0px;--awb-margin-bottom-small:10px;--awb-margin-left-small:0px;\"><h5 class=\"fusion-title-heading title-heading-left fusion-responsive-typography-calculated\" style=\"margin:0;letter-spacing:.025em;text-transform:uppercase;--fontSize:20;--minFontSize:20;line-height:var(--awb-typography1-line-height);\">Im gr\u00fcnen Wundertal<\/h5><\/div><div class=\"fusion-text fusion-text-5\"><p>Wo einst die erste industrielle Revolution Fahrt aufnahm, haben sich in den vergangenen Jahren und Jahrzehnten neue innovative Industrien entwickelt. Bildungseinrichtungen, Initiativen und Kulturschaffende haben hier einen Ort gefunden, der neue Ideen am Flie\u00dfband produziert. Innovationen entstehen. Tr\u00e4ume werden wahr: Im Wuppertal entstehen neue Wunder!<\/p>\n<\/div><\/div><\/div><\/div><\/div><\/div><div id=\"historie\" class=\"fusion-container-anchor\"><div class=\"fusion-bg-parallax\" data-bg-align=\"center bottom\" data-direction=\"up\" data-mute=\"false\" data-opacity=\"100\" data-velocity=\"-0.3\" data-mobile-enabled=\"false\" data-break_parents=\"0\" data-bg-image=\"https:\/\/www.the-fabric-radevormwald.de\/wp-content\/uploads\/2026\/07\/the-fabric-historie-scaled.jpg\" data-bg-repeat=\"false\" ><\/div><div class=\"fusion-fullwidth fullwidth-box fusion-builder-row-7 fusion-flex-container has-pattern-background has-mask-background fusion-parallax-up nonhundred-percent-fullwidth non-hundred-percent-height-scrolling lazyload\" style=\"--awb-background-position:center bottom;--awb-border-radius-top-left:0px;--awb-border-radius-top-right:0px;--awb-border-radius-bottom-right:0px;--awb-border-radius-bottom-left:0px;--awb-min-height:1600px;--awb-min-height-medium:1600px;--awb-min-height-small:1800px;--awb-background-size:cover;--awb-flex-wrap:wrap;\" data-bg=\"https:\/\/www.the-fabric-radevormwald.de\/wp-content\/uploads\/2026\/07\/the-fabric-historie-scaled.jpg\" ><div class=\"fusion-builder-row fusion-row fusion-flex-align-items-stretch fusion-flex-align-content-flex-start fusion-flex-content-wrap\" style=\"max-width:calc( 1200px + 0px );margin-left: calc(-0px \/ 2 );margin-right: calc(-0px \/ 2 );\"><div class=\"fusion-layout-column fusion_builder_column fusion-builder-column-10 fusion_builder_column_1_2 1_2 fusion-flex-column fusion-animated\" style=\"--awb-padding-top:90px;--awb-padding-right:30px;--awb-padding-bottom:90px;--awb-padding-left:30px;--awb-padding-top-medium:90px;--awb-padding-right-medium:30px;--awb-padding-bottom-medium:90px;--awb-padding-left-medium:30px;--awb-padding-top-small:90px;--awb-padding-right-small:30px;--awb-padding-bottom-small:90px;--awb-padding-left-small:30px;--awb-row-gap-small:0px;--awb-bg-color:var(--awb-color2);--awb-bg-color-hover:var(--awb-color2);--awb-bg-size:cover;--awb-width-large:50%;--awb-margin-top-large:0px;--awb-spacing-right-large:0px;--awb-margin-bottom-large:20px;--awb-spacing-left-large:0px;--awb-width-medium:100%;--awb-order-medium:0;--awb-spacing-right-medium:0px;--awb-margin-bottom-medium:0;--awb-spacing-left-medium:0px;--awb-width-small:100%;--awb-order-small:0;--awb-spacing-right-small:0px;--awb-margin-bottom-small:0;--awb-spacing-left-small:0px;\" data-animationType=\"fadeInLeft\" data-animationDuration=\"0.4\" data-animationDelay=\"0.2\" data-animationOffset=\"top-into-view\" data-scroll-devices=\"small-visibility,medium-visibility,large-visibility\"><div class=\"fusion-column-wrapper fusion-column-has-shadow fusion-flex-justify-content-center fusion-content-layout-column\"><div class=\"fusion-title title fusion-title-14 fusion-sep-none fusion-title-center fusion-title-text fusion-title-size-two\" style=\"--awb-margin-top:0px;--awb-margin-bottom:0px;--awb-margin-top-small:0px;--awb-margin-right-small:0px;--awb-margin-bottom-small:0px;--awb-margin-left-small:0px;--awb-margin-top-medium:0px;--awb-margin-bottom-medium:0px;\"><h2 class=\"fusion-title-heading title-heading-center fusion-responsive-typography-calculated\" style=\"margin:0;letter-spacing:-.02em;text-transform:uppercase;--fontSize:70;line-height:var(--awb-typography1-line-height);\">Die Geschichte der Fabrikanlage<\/h2><\/div><div class=\"fusion-title title fusion-title-15 fusion-sep-none fusion-title-center fusion-title-text fusion-title-size-three\" style=\"--awb-margin-top:0px;--awb-margin-top-small:0px;--awb-margin-right-small:0px;--awb-margin-bottom-small:10px;--awb-margin-left-small:0px;--awb-margin-top-medium:0px;\"><h3 class=\"fusion-title-heading title-heading-center fusion-responsive-typography-calculated\" style=\"margin:0;text-transform:uppercase;--fontSize:70;line-height:var(--awb-typography1-line-height);\">Hardt, Pocorny &amp; Co.<\/h3><\/div><\/div><\/div><div class=\"fusion-layout-column fusion_builder_column fusion-builder-column-11 fusion_builder_column_1_2 1_2 fusion-flex-column fusion-animated\" style=\"--awb-padding-top:30px;--awb-padding-right:30px;--awb-padding-bottom:30px;--awb-padding-left:30px;--awb-padding-top-medium:30px;--awb-padding-right-medium:30px;--awb-padding-bottom-medium:30px;--awb-padding-left-medium:30px;--awb-padding-top-small:30px;--awb-padding-right-small:30px;--awb-padding-bottom-small:30px;--awb-padding-left-small:30px;--awb-bg-color:rgba(255,255,255,0.9);--awb-bg-color-hover:rgba(255,255,255,0.9);--awb-bg-size:cover;--awb-width-large:50%;--awb-margin-top-large:0px;--awb-spacing-right-large:0px;--awb-margin-bottom-large:20px;--awb-spacing-left-large:0px;--awb-width-medium:100%;--awb-order-medium:0;--awb-spacing-right-medium:0px;--awb-spacing-left-medium:0px;--awb-width-small:100%;--awb-order-small:0;--awb-spacing-right-small:0px;--awb-spacing-left-small:0px;\" data-animationType=\"fadeInLeft\" data-animationDuration=\"0.4\" data-animationDelay=\"0.6\" data-animationOffset=\"top-into-view\" data-scroll-devices=\"small-visibility,medium-visibility,large-visibility\"><div class=\"fusion-column-wrapper fusion-column-has-shadow fusion-flex-justify-content-center fusion-content-layout-column\"><div class=\"fusion-title title fusion-title-16 fusion-sep-none fusion-title-text fusion-title-size-four\" style=\"--awb-margin-bottom:30px;--awb-margin-top-small:10px;--awb-margin-right-small:0px;--awb-margin-bottom-small:30px;--awb-margin-left-small:0px;--awb-margin-bottom-medium:30px;\"><h4 class=\"fusion-title-heading title-heading-left fusion-responsive-typography-calculated\" style=\"margin:0;--fontSize:30;line-height:var(--awb-typography1-line-height);\">Warum es dazu kam, dass mitten im Bergischen Land eine ganze Reihe erfolgreicher Fabriken und Produktionsst\u00e4tten entstanden?<\/h4><\/div><div class=\"fusion-text fusion-text-6\"><p>Im Grunde genommen aus zwei Gr\u00fcnden, der Wasserkraft der Wupper und der Willensst\u00e4rke einiger bedeutender Unternehmer. Beide zusammen erm\u00f6glichten den Erfolg der Region \u2013 vom ersten Eisenreckhammer bis zur erfolgreichen Textilindustrie des 19. und 20. Jahrhunderts.<\/p>\n<\/div><\/div><\/div><\/div><\/div><\/div><div class=\"fusion-fullwidth fullwidth-box fusion-builder-row-8 fusion-flex-container has-pattern-background has-mask-background nonhundred-percent-fullwidth non-hundred-percent-height-scrolling\" style=\"--awb-border-radius-top-left:0px;--awb-border-radius-top-right:0px;--awb-border-radius-bottom-right:0px;--awb-border-radius-bottom-left:0px;--awb-padding-top:100px;--awb-padding-bottom:120px;--awb-padding-top-medium:60px;--awb-padding-bottom-medium:80px;--awb-padding-top-small:30px;--awb-padding-bottom-small:50px;--awb-flex-wrap:wrap;\" ><div class=\"fusion-builder-row fusion-row fusion-flex-align-items-flex-start fusion-flex-content-wrap\" style=\"max-width:1248px;margin-left: calc(-4% \/ 2 );margin-right: calc(-4% \/ 2 );\"><div class=\"fusion-layout-column fusion_builder_column fusion-builder-column-12 fusion_builder_column_1_1 1_1 fusion-flex-column\" style=\"--awb-bg-size:cover;--awb-width-large:100%;--awb-margin-top-large:0px;--awb-spacing-right-large:1.92%;--awb-margin-bottom-large:20px;--awb-spacing-left-large:1.92%;--awb-width-medium:100%;--awb-order-medium:0;--awb-spacing-right-medium:1.92%;--awb-spacing-left-medium:1.92%;--awb-width-small:100%;--awb-order-small:0;--awb-spacing-right-small:1.92%;--awb-spacing-left-small:1.92%;\"><div class=\"fusion-column-wrapper fusion-column-has-shadow fusion-flex-justify-content-flex-start fusion-content-layout-column\"><div class=\"accordian fusion-accordian\" style=\"--awb-border-size:1px;--awb-icon-size:30px;--awb-content-font-size:var(--awb-typography4-font-size);--awb-icon-alignment:right;--awb-hover-color:var(--awb-color2);--awb-border-color:var(--awb-color3);--awb-background-color:var(--awb-color1);--awb-divider-color:var(--awb-color5);--awb-divider-hover-color:var(--awb-color5);--awb-icon-color:var(--awb-color5);--awb-title-color:var(--awb-color5);--awb-content-color:var(--awb-color5);--awb-icon-box-color:var(--awb-color1);--awb-toggle-hover-accent-color:var(--awb-color4);--awb-toggle-active-accent-color:var(--awb-color4);--awb-title-font-family:var(--awb-typography1-font-family);--awb-title-font-weight:var(--awb-typography1-font-weight);--awb-title-font-style:var(--awb-typography1-font-style);--awb-title-font-size:30px;--awb-title-letter-spacing:.025em;--awb-title-line-height:1.2;--awb-title-text-transform:uppercase;--awb-content-font-family:var(--awb-typography4-font-family);--awb-content-font-weight:var(--awb-typography4-font-weight);--awb-content-font-style:var(--awb-typography4-font-style);\"><div class=\"panel-group fusion-toggle-icon-right fusion-toggle-icon-boxed\" id=\"accordion-7-1\"><div class=\"fusion-panel panel-default panel-8e6d6209018be25c6 fusion-toggle-has-divider\" style=\"--awb-title-color:var(--awb-color5);--awb-content-color:var(--awb-color5);\"><div class=\"panel-heading\"><h4 class=\"panel-title toggle\" id=\"toggle_8e6d6209018be25c6\"><a aria-expanded=\"false\" aria-controls=\"8e6d6209018be25c6\" role=\"button\" data-toggle=\"collapse\" data-target=\"#8e6d6209018be25c6\" href=\"#8e6d6209018be25c6\"><span class=\"fusion-toggle-icon-wrapper\" aria-hidden=\"true\"><i class=\"fa-fusion-box active-icon awb-icon-minus\" aria-hidden=\"true\"><\/i><i class=\"fa-fusion-box inactive-icon awb-icon-plus\" aria-hidden=\"true\"><\/i><\/span><span class=\"fusion-toggle-heading\">Die Wupper wird zum Antrieb einer Region<\/span><\/a><\/h4><\/div><div id=\"8e6d6209018be25c6\" class=\"panel-collapse collapse \" aria-labelledby=\"toggle_8e6d6209018be25c6\"><div class=\"panel-body toggle-content fusion-clearfix\">\n<p>Die Wurzeln der Fabrikanlage von Hardt, Pocorny &#038; Co. reichen rund 380 Jahre zur\u00fcck. Im November 1646 erhielt der pf\u00e4lzisch-neuburgische Hauptmann Dietrich Mouton die kurf\u00fcrstliche Erlaubnis, auf dem Uelfebach einen Eisenreckhammer zu errichten. Der durch die Wasserkraft des Baches angetriebene Dahlhauser Hammer diente zum Schmieden von Eisen. Er befand sich samt Hammerwerk direkt an der M\u00fcndung in die Wupper und in der N\u00e4he des namengebenden Ritterguts Dahlhausen mit seinen L\u00e4ndereien \u2013 diese geh\u00f6rten ebenfalls Mouton.<\/p>\n<div class=\"fusion-image-element\" style=\"text-align:center;--awb-margin-bottom:20px;--awb-caption-title-font-family:var(--h2_typography-font-family);--awb-caption-title-font-weight:var(--h2_typography-font-weight);--awb-caption-title-font-style:var(--h2_typography-font-style);--awb-caption-title-size:var(--h2_typography-font-size);--awb-caption-title-transform:var(--h2_typography-text-transform);--awb-caption-title-line-height:var(--h2_typography-line-height);--awb-caption-title-letter-spacing:var(--h2_typography-letter-spacing);\"><span class=\" fusion-imageframe imageframe-none imageframe-4 hover-type-none\"><img decoding=\"async\" width=\"661\" height=\"430\" src=\"https:\/\/www.the-fabric-radevormwald.de\/wp-content\/uploads\/2026\/07\/tf-acc-01.png\" data-orig-src=\"https:\/\/www.the-fabric-radevormwald.de\/wp-content\/uploads\/2026\/07\/tf-acc-01.png\" alt class=\"lazyload img-responsive wp-image-203\" srcset=\"data:image\/svg+xml,%3Csvg%20xmlns%3D%27http%3A%2F%2Fwww.w3.org%2F2000%2Fsvg%27%20width%3D%27661%27%20height%3D%27430%27%20viewBox%3D%270%200%20661%20430%27%3E%3Crect%20width%3D%27661%27%20height%3D%27430%27%20fill-opacity%3D%220%22%2F%3E%3C%2Fsvg%3E\" data-srcset=\"https:\/\/www.the-fabric-radevormwald.de\/wp-content\/uploads\/2026\/07\/tf-acc-01-200x130.png 200w, https:\/\/www.the-fabric-radevormwald.de\/wp-content\/uploads\/2026\/07\/tf-acc-01-400x260.png 400w, https:\/\/www.the-fabric-radevormwald.de\/wp-content\/uploads\/2026\/07\/tf-acc-01-600x390.png 600w, https:\/\/www.the-fabric-radevormwald.de\/wp-content\/uploads\/2026\/07\/tf-acc-01.png 661w\" data-sizes=\"auto\" data-orig-sizes=\"(max-width: 640px) 100vw, 661px\" \/><\/span><\/div>\n<p>Die Kraft der Wupper wurde sp\u00e4ter insbesondere in der heimischen Textilindustrie genutzt. Die inl\u00e4ndische Baumwollspinnerei entwickelte sich mit Einf\u00fchrung des Spinnrades ab 1736. Die Rohwolle wurde in Holland von Kaufleuten eingekauft, diese lie\u00dfen sie darauf in Heimarbeit spinnen, und das so gewonnene Garn verkauften sie an Weber. Diese webten an Webst\u00fchlen daraus dann sogenanntes Tuch oder Wolltuch. Weitere Handwerker waren danach mit dem Scheren, F\u00e4rben und mit der Appretur des Tuches besch\u00e4ftigt. Dies geschah mit dezentralen, heimgewerblichen Produktionsstrukturen.<\/p>\n<\/div><\/div><\/div><div class=\"fusion-panel panel-default panel-9a8b8f1d3af750bac fusion-toggle-has-divider\" style=\"--awb-title-color:var(--awb-color5);--awb-content-color:var(--awb-color5);\"><div class=\"panel-heading\"><h4 class=\"panel-title toggle\" id=\"toggle_9a8b8f1d3af750bac\"><a aria-expanded=\"false\" aria-controls=\"9a8b8f1d3af750bac\" role=\"button\" data-toggle=\"collapse\" data-target=\"#9a8b8f1d3af750bac\" href=\"#9a8b8f1d3af750bac\"><span class=\"fusion-toggle-icon-wrapper\" aria-hidden=\"true\"><i class=\"fa-fusion-box active-icon awb-icon-minus\" aria-hidden=\"true\"><\/i><i class=\"fa-fusion-box inactive-icon awb-icon-plus\" aria-hidden=\"true\"><\/i><\/span><span class=\"fusion-toggle-heading\">Von der Schmiedeeisen- zur Textilproduktion<\/span><\/a><\/h4><\/div><div id=\"9a8b8f1d3af750bac\" class=\"panel-collapse collapse \" aria-labelledby=\"toggle_9a8b8f1d3af750bac\"><div class=\"panel-body toggle-content fusion-clearfix\">\n<p>Im Jahre 1768 geh\u00f6rte das Rittergut Dahlhausen dem K\u00f6lner Rat und Senator Peter Johann Gilles. Am 1. Dezember 1774 erhielt er die Genehmigung f\u00fcr zwei weitere Reckh\u00e4mmer. Im Jahr 1800 waren hier ein Dutzend Bewohner ans\u00e4ssig, die vermutlich in den H\u00e4mmern wohnten und schliefen. In dem Reisebericht eines Regierungsassessors aus dem Jahre 1804 werden diese drei Reckh\u00e4mmer erw\u00e4hnt. Damit ist die eigentliche Wupper-Wasserkraft in Dahlhausen dokumentiert.<\/p>\n<div class=\"fusion-image-element\" style=\"text-align:center;--awb-margin-bottom:30px;--awb-max-width:125px;--awb-caption-title-font-family:var(--h2_typography-font-family);--awb-caption-title-font-weight:var(--h2_typography-font-weight);--awb-caption-title-font-style:var(--h2_typography-font-style);--awb-caption-title-size:var(--h2_typography-font-size);--awb-caption-title-transform:var(--h2_typography-text-transform);--awb-caption-title-line-height:var(--h2_typography-line-height);--awb-caption-title-letter-spacing:var(--h2_typography-letter-spacing);\"><span class=\" fusion-imageframe imageframe-none imageframe-5 hover-type-none\"><img decoding=\"async\" width=\"277\" height=\"563\" src=\"https:\/\/www.the-fabric-radevormwald.de\/wp-content\/uploads\/2026\/07\/tf-acc-02.png\" data-orig-src=\"https:\/\/www.the-fabric-radevormwald.de\/wp-content\/uploads\/2026\/07\/tf-acc-02.png\" alt class=\"lazyload img-responsive wp-image-206\" srcset=\"data:image\/svg+xml,%3Csvg%20xmlns%3D%27http%3A%2F%2Fwww.w3.org%2F2000%2Fsvg%27%20width%3D%27277%27%20height%3D%27563%27%20viewBox%3D%270%200%20277%20563%27%3E%3Crect%20width%3D%27277%27%20height%3D%27563%27%20fill-opacity%3D%220%22%2F%3E%3C%2Fsvg%3E\" data-srcset=\"https:\/\/www.the-fabric-radevormwald.de\/wp-content\/uploads\/2026\/07\/tf-acc-02-200x406.png 200w, https:\/\/www.the-fabric-radevormwald.de\/wp-content\/uploads\/2026\/07\/tf-acc-02.png 277w\" data-sizes=\"auto\" data-orig-sizes=\"(max-width: 640px) 100vw, 277px\" \/><\/span><\/div>\n<p>Zu dieser Zeit eigneten sich die Tuchfabrikanten im Tal der Wupper die englische Produktionstechnik an, die f\u00fcr die erw\u00e4hnte Spinnerei, Rauerei, Scherung und Appretur notwendig war. Die Maschinen daf\u00fcr f\u00fchrten sie heimlich aus England ein. Gleichzeitig entstanden vor Ort neue Maschinenbau-Firmen, welche die englischen Maschinen kopierten und erfolgreich nachbauten.<\/p>\n<\/div><\/div><\/div><div class=\"fusion-panel panel-default panel-9d5d45b729dd7c6a0 fusion-toggle-has-divider\" style=\"--awb-title-color:var(--awb-color5);--awb-content-color:var(--awb-color5);\"><div class=\"panel-heading\"><h4 class=\"panel-title toggle\" id=\"toggle_9d5d45b729dd7c6a0\"><a aria-expanded=\"false\" aria-controls=\"9d5d45b729dd7c6a0\" role=\"button\" data-toggle=\"collapse\" data-target=\"#9d5d45b729dd7c6a0\" href=\"#9d5d45b729dd7c6a0\"><span class=\"fusion-toggle-icon-wrapper\" aria-hidden=\"true\"><i class=\"fa-fusion-box active-icon awb-icon-minus\" aria-hidden=\"true\"><\/i><i class=\"fa-fusion-box inactive-icon awb-icon-plus\" aria-hidden=\"true\"><\/i><\/span><span class=\"fusion-toggle-heading\">Auszug und R\u00fcckkehr der Textilfabrikanten<\/span><\/a><\/h4><\/div><div id=\"9d5d45b729dd7c6a0\" class=\"panel-collapse collapse \" aria-labelledby=\"toggle_9d5d45b729dd7c6a0\"><div class=\"panel-body toggle-content fusion-clearfix\">\n<p>W\u00e4hrend der Napoleonischen Besatzung des Bergischen Landes waren viele Textilfirmen auf die andere Rheinseite gezogen. Denn durch die franz\u00f6sischen Zollgesetze konnten die Fabrikanten im Wuppertal nichts mehr verdienen. Zudem bestand in der alten Heimat f\u00fcr die Unternehmen noch bis 1809 Zunftzwang. Anders als im linksrheinischen Eupen\/Verviers, wo das aufstrebende Tuchmachergewerbe dank des direkten Zugangs zum franz\u00f6sischen Markt florierte.<\/p>\n<div class=\"fusion-image-element\" style=\"text-align:center;--awb-margin-bottom:30px;--awb-max-width:124px;--awb-caption-title-font-family:var(--h2_typography-font-family);--awb-caption-title-font-weight:var(--h2_typography-font-weight);--awb-caption-title-font-style:var(--h2_typography-font-style);--awb-caption-title-size:var(--h2_typography-font-size);--awb-caption-title-transform:var(--h2_typography-text-transform);--awb-caption-title-line-height:var(--h2_typography-line-height);--awb-caption-title-letter-spacing:var(--h2_typography-letter-spacing);\"><span class=\" fusion-imageframe imageframe-none imageframe-6 hover-type-none\"><img decoding=\"async\" width=\"313\" height=\"438\" src=\"https:\/\/www.the-fabric-radevormwald.de\/wp-content\/uploads\/2026\/07\/tf-acc-03.png\" data-orig-src=\"https:\/\/www.the-fabric-radevormwald.de\/wp-content\/uploads\/2026\/07\/tf-acc-03.png\" alt class=\"lazyload img-responsive wp-image-209\" srcset=\"data:image\/svg+xml,%3Csvg%20xmlns%3D%27http%3A%2F%2Fwww.w3.org%2F2000%2Fsvg%27%20width%3D%27313%27%20height%3D%27438%27%20viewBox%3D%270%200%20313%20438%27%3E%3Crect%20width%3D%27313%27%20height%3D%27438%27%20fill-opacity%3D%220%22%2F%3E%3C%2Fsvg%3E\" data-srcset=\"https:\/\/www.the-fabric-radevormwald.de\/wp-content\/uploads\/2026\/07\/tf-acc-03-200x280.png 200w, https:\/\/www.the-fabric-radevormwald.de\/wp-content\/uploads\/2026\/07\/tf-acc-03.png 313w\" data-sizes=\"auto\" data-orig-sizes=\"(max-width: 640px) 100vw, 313px\" \/><\/span><\/div>\n<p>Nachdem Napoleon mit seinen Truppen das Land nach den Befreiungskriegen Ende 1813 wieder verlassen hatte, kehrten die Fabrikanten nach 1814 wieder in ihre Heimat zur\u00fcck. So die Tuchfabrik Johann Peter Sch\u00fcrmann &#038; Schr\u00f6der, Vogelsmu\u0308hle, im Jahr 1814, Johann W\u00fclfing &#038; Sohn 1815 und die Firma Adolph Bauendahl 1816. Bis 1819 setzte ein regelrechter Wettlauf der Firmen um die strategisch besten Pl\u00e4tze an der Wupper ein.<\/p>\n<\/div><\/div><\/div><div class=\"fusion-panel panel-default panel-2404f6bfaa82e16d1 fusion-toggle-has-divider\" style=\"--awb-title-color:var(--awb-color5);--awb-content-color:var(--awb-color5);\"><div class=\"panel-heading\"><h4 class=\"panel-title toggle\" id=\"toggle_2404f6bfaa82e16d1\"><a aria-expanded=\"false\" aria-controls=\"2404f6bfaa82e16d1\" role=\"button\" data-toggle=\"collapse\" data-target=\"#2404f6bfaa82e16d1\" href=\"#2404f6bfaa82e16d1\"><span class=\"fusion-toggle-icon-wrapper\" aria-hidden=\"true\"><i class=\"fa-fusion-box active-icon awb-icon-minus\" aria-hidden=\"true\"><\/i><i class=\"fa-fusion-box inactive-icon awb-icon-plus\" aria-hidden=\"true\"><\/i><\/span><span class=\"fusion-toggle-heading\">Die Familie Bauendahl<\/span><\/a><\/h4><\/div><div id=\"2404f6bfaa82e16d1\" class=\"panel-collapse collapse \" aria-labelledby=\"toggle_2404f6bfaa82e16d1\"><div class=\"panel-body toggle-content fusion-clearfix\">\n<p>Johann Adolph Bauendahl war bereits seit 1808 in Radevormwald als Tuchfabrikant ans\u00e4ssig. Dessen T\u00fccher walkte \u2013 also reinigte \u2013 der Walker Johann Aldenrath mit viel Seife in der Dahlhauser Walkm\u00fchle. Solch eine Walkm\u00fchle ersetzte rund 40 Fu\u00dfwalker. Die Bauendahl-Vorfahren waren schon seit dem Drei\u00dfigj\u00e4hrigen Krieg (1618\u20131648) eine Institution in Radevormwald.<\/p>\n<p>Die gr\u00f6\u00dfte der drei Heimkehrer-Firmen war Bauendahl. Sie besa\u00df schon eine Fabrik in Lennep, ferner eine moderne Spinnerei in Friedrichsthal. Die Spinnmaschinen des Unternehmens trieb ein Wasserrad mit der Kraft der Wupper an. Da die begehrten Pl\u00e4tze entlang des Flusses bereits unter den anderen Firmen aufgeteilt waren, blieb f\u00fcr Joseph Adolph Bauendahl nur ein ehemaliger Hammer in Vogelsmu\u0308hle, zwischen Dahlhausen und Dahlerau, \u00fcbrig, an dem er ein Drittel des Besitzes erwarb. Dieses tauschte er am 29. April 1830 mit Schu\u0308rmann &#038; Schr\u00f6der f\u00fcr eine Zusatzzahlung von 5000 Talern gegen deren Anteile an den Dahlhauser Anlagen ein und kaufte auch den Rest der dortigen Fabrik. Diese umfasste die Walkm\u00fchle, zwei H\u00e4mmer und einige Nebengeb\u00e4ude. Das Wichtigste f\u00fcr Bauendahl war allerdings der Standort Dahlhausen an der Wupper und die daraus resultierende Wasserkraft.<\/p>\n<\/div><\/div><\/div><div class=\"fusion-panel panel-default panel-9d0a4974d92f9f11d fusion-toggle-has-divider\" style=\"--awb-title-color:var(--awb-color5);--awb-content-color:var(--awb-color5);\"><div class=\"panel-heading\"><h4 class=\"panel-title toggle\" id=\"toggle_9d0a4974d92f9f11d\"><a aria-expanded=\"false\" aria-controls=\"9d0a4974d92f9f11d\" role=\"button\" data-toggle=\"collapse\" data-target=\"#9d0a4974d92f9f11d\" href=\"#9d0a4974d92f9f11d\"><span class=\"fusion-toggle-icon-wrapper\" aria-hidden=\"true\"><i class=\"fa-fusion-box active-icon awb-icon-minus\" aria-hidden=\"true\"><\/i><i class=\"fa-fusion-box inactive-icon awb-icon-plus\" aria-hidden=\"true\"><\/i><\/span><span class=\"fusion-toggle-heading\">Eine neue Bauendahl-Fabrik entsteht<\/span><\/a><\/h4><\/div><div id=\"9d0a4974d92f9f11d\" class=\"panel-collapse collapse \" aria-labelledby=\"toggle_9d0a4974d92f9f11d\"><div class=\"panel-body toggle-content fusion-clearfix\">\n<p>Zusammen mit seinen S\u00f6hnen Adolph und Conrad Heinrich plante der Fabrikant nun eine dritte Anlage, mit den neuesten Maschinen, die er in seinem Eupener Exil kennengelernt hatte. So entstand bis 1833 ein dreist\u00f6ckiger massiver Bruchsteinbau mit einer L\u00e4nge von 75 Metern und einer Breite von 14 Metern und gro\u00dfer Fabriktransmission. In den neuen R\u00e4umen waren die Rauerei, Schererei und Tuch-Walkerei mit Tuchrauhmaschine und Zylinderschermaschine untergebracht. Der Architekt der Fabrik war Christian Heyden aus Wuppertal-Barmen. Die ausf\u00fchrende Baufirma Schmidt war um 1820 von dem Maurer Leopold Schmidt gegr\u00fcndet und 1836 von dessen Sohn Christian, Heydens Schulfreund, \u00fcbernommen worden.<\/p>\n<div class=\"fusion-image-element\" style=\"text-align:center;--awb-margin-bottom:30px;--awb-caption-title-font-family:var(--h2_typography-font-family);--awb-caption-title-font-weight:var(--h2_typography-font-weight);--awb-caption-title-font-style:var(--h2_typography-font-style);--awb-caption-title-size:var(--h2_typography-font-size);--awb-caption-title-transform:var(--h2_typography-text-transform);--awb-caption-title-line-height:var(--h2_typography-line-height);--awb-caption-title-letter-spacing:var(--h2_typography-letter-spacing);\"><span class=\" fusion-imageframe imageframe-none imageframe-7 hover-type-none\"><img decoding=\"async\" width=\"664\" height=\"466\" src=\"https:\/\/www.the-fabric-radevormwald.de\/wp-content\/uploads\/2026\/07\/tf-acc-05.png\" data-orig-src=\"https:\/\/www.the-fabric-radevormwald.de\/wp-content\/uploads\/2026\/07\/tf-acc-05.png\" alt class=\"lazyload img-responsive wp-image-212\" srcset=\"data:image\/svg+xml,%3Csvg%20xmlns%3D%27http%3A%2F%2Fwww.w3.org%2F2000%2Fsvg%27%20width%3D%27664%27%20height%3D%27466%27%20viewBox%3D%270%200%20664%20466%27%3E%3Crect%20width%3D%27664%27%20height%3D%27466%27%20fill-opacity%3D%220%22%2F%3E%3C%2Fsvg%3E\" data-srcset=\"https:\/\/www.the-fabric-radevormwald.de\/wp-content\/uploads\/2026\/07\/tf-acc-05-200x140.png 200w, https:\/\/www.the-fabric-radevormwald.de\/wp-content\/uploads\/2026\/07\/tf-acc-05-400x281.png 400w, https:\/\/www.the-fabric-radevormwald.de\/wp-content\/uploads\/2026\/07\/tf-acc-05-600x421.png 600w, https:\/\/www.the-fabric-radevormwald.de\/wp-content\/uploads\/2026\/07\/tf-acc-05.png 664w\" data-sizes=\"auto\" data-orig-sizes=\"(max-width: 640px) 100vw, 664px\" \/><\/span><\/div>\n<p>Nun ben\u00f6tigte die Fabrik dringend Arbeiter. Bewerber, die mit ihren Familien ins Tal ziehen wollten, kamen genug aus den umliegenden Ortschaften. Im Jahr 1835 wohnten 28 Familien mit 154 Familienmitgliedern in Dahlhausen. 20 Jahre sp\u00e4ter waren es bereits doppelt so viele. F\u00fcr sie waren Arbeiterh\u00e4user als billiger Wohnraum errichtet worden. Die Arbeitszeit f\u00fcr die Arbeiter betrug in der Regel \u00fcber 80 Stunden w\u00f6chentlich. Baumeister Albert Schmidt, Sohn von Christian Schmidt, errichtete im Jahr 1867 ein zweifaches Arbeiterwohnhaus, in den folgenden Jahren entstand noch ein dreifaches Haus. Diese Arbeiterh\u00e4user wurden wegen Bauf\u00e4lligkeit vor 1980 abgebrochen. 1896 und 1906 entstanden weitere H\u00e4user.<\/p>\n<\/div><\/div><\/div><div class=\"fusion-panel panel-default panel-5b3c337e1916420e9 fusion-toggle-has-divider\" style=\"--awb-title-color:var(--awb-color5);--awb-content-color:var(--awb-color5);\"><div class=\"panel-heading\"><h4 class=\"panel-title toggle\" id=\"toggle_5b3c337e1916420e9\"><a aria-expanded=\"false\" aria-controls=\"5b3c337e1916420e9\" role=\"button\" data-toggle=\"collapse\" data-target=\"#5b3c337e1916420e9\" href=\"#5b3c337e1916420e9\"><span class=\"fusion-toggle-icon-wrapper\" aria-hidden=\"true\"><i class=\"fa-fusion-box active-icon awb-icon-minus\" aria-hidden=\"true\"><\/i><i class=\"fa-fusion-box inactive-icon awb-icon-plus\" aria-hidden=\"true\"><\/i><\/span><span class=\"fusion-toggle-heading\">Wohnen, Arbeit, Ausbildung rund um die Fabrik<\/span><\/a><\/h4><\/div><div id=\"5b3c337e1916420e9\" class=\"panel-collapse collapse \" aria-labelledby=\"toggle_5b3c337e1916420e9\"><div class=\"panel-body toggle-content fusion-clearfix\">\n<p>Die Arbeiterkinder sollten auch zur Schule gehen k\u00f6nnen. Der erste Schulunterricht soll 1824 oder 1835 in R\u00e4umen einer ehemaligen Wirtschaft im Tal stattgefunden haben. Hardt f\u00fcr W\u00fclfing, Peter Sch\u00fcrmann &#038; Schr\u00f6der sowie C.H. &#038; A. Bauendahl finanzierten eine erste, dreiklassige Fabrikschule f\u00fcr die 51 Schulkinder in den Wupperortschaften, von denen 17 alleine aus Dahlhausen kamen.<\/p>\n<div class=\"fusion-image-element\" style=\"text-align:center;--awb-margin-bottom:30px;--awb-caption-title-font-family:var(--h2_typography-font-family);--awb-caption-title-font-weight:var(--h2_typography-font-weight);--awb-caption-title-font-style:var(--h2_typography-font-style);--awb-caption-title-size:var(--h2_typography-font-size);--awb-caption-title-transform:var(--h2_typography-text-transform);--awb-caption-title-line-height:var(--h2_typography-line-height);--awb-caption-title-letter-spacing:var(--h2_typography-letter-spacing);\"><span class=\" fusion-imageframe imageframe-none imageframe-8 hover-type-none\"><img decoding=\"async\" width=\"661\" height=\"373\" src=\"https:\/\/www.the-fabric-radevormwald.de\/wp-content\/uploads\/2026\/07\/tf-acc-06.png\" data-orig-src=\"https:\/\/www.the-fabric-radevormwald.de\/wp-content\/uploads\/2026\/07\/tf-acc-06.png\" alt class=\"lazyload img-responsive wp-image-214\" srcset=\"data:image\/svg+xml,%3Csvg%20xmlns%3D%27http%3A%2F%2Fwww.w3.org%2F2000%2Fsvg%27%20width%3D%27661%27%20height%3D%27373%27%20viewBox%3D%270%200%20661%20373%27%3E%3Crect%20width%3D%27661%27%20height%3D%27373%27%20fill-opacity%3D%220%22%2F%3E%3C%2Fsvg%3E\" data-srcset=\"https:\/\/www.the-fabric-radevormwald.de\/wp-content\/uploads\/2026\/07\/tf-acc-06-200x113.png 200w, https:\/\/www.the-fabric-radevormwald.de\/wp-content\/uploads\/2026\/07\/tf-acc-06-400x226.png 400w, https:\/\/www.the-fabric-radevormwald.de\/wp-content\/uploads\/2026\/07\/tf-acc-06-600x339.png 600w, https:\/\/www.the-fabric-radevormwald.de\/wp-content\/uploads\/2026\/07\/tf-acc-06.png 661w\" data-sizes=\"auto\" data-orig-sizes=\"(max-width: 640px) 100vw, 661px\" \/><\/span><\/div>\n<p>F\u00fcr die Fabrikkinder mussten deren Eltern 1 Reichsthaler Schulgeld pro Jahr entrichten. Der gr\u00f6\u00dfte Teil der \u00fcber zw\u00f6lf Jahre alten Sch\u00fcler arbeitete bereits in der Fabrik. 1872\/73 errichtete Albert Schmidt die Dahlhauser Schule, Bauherr war Johann W\u00fclfing &#038; Sohn. 1892 folgte eine zweite Schule in Dahlhausen, Bauherr war Hardt, Pocorny &#038; Co. Wegen wohl sinkender Schu\u0308lerzahlen wurde die Schule 1905 in ein M\u00e4dchenhaus umgewandelt, bis sie 1912 geschlossen und in ein Wohnhaus umgebaut wurde.<\/p>\n<\/div><\/div><\/div><div class=\"fusion-panel panel-default panel-315fa2b76fd57e799 fusion-toggle-has-divider\" style=\"--awb-title-color:var(--awb-color5);--awb-content-color:var(--awb-color5);\"><div class=\"panel-heading\"><h4 class=\"panel-title toggle\" id=\"toggle_315fa2b76fd57e799\"><a aria-expanded=\"false\" aria-controls=\"315fa2b76fd57e799\" role=\"button\" data-toggle=\"collapse\" data-target=\"#315fa2b76fd57e799\" href=\"#315fa2b76fd57e799\"><span class=\"fusion-toggle-icon-wrapper\" aria-hidden=\"true\"><i class=\"fa-fusion-box active-icon awb-icon-minus\" aria-hidden=\"true\"><\/i><i class=\"fa-fusion-box inactive-icon awb-icon-plus\" aria-hidden=\"true\"><\/i><\/span><span class=\"fusion-toggle-heading\">Bauendahl verlegt die Produktion der Tuchfabrik<\/span><\/a><\/h4><\/div><div id=\"315fa2b76fd57e799\" class=\"panel-collapse collapse \" aria-labelledby=\"toggle_315fa2b76fd57e799\"><div class=\"panel-body toggle-content fusion-clearfix\">\n<p>Die Bauendahl-\u00c4ra ging allerdings 1855 zu Ende und die Produktion in der Fabrik wurde eingestellt. Denn Adolph Bauendahl Junior errichtete in Elsthal bei Luckenwalde, nahe Berlin, eine Tuchfabrik und sein Bruder Conrad Heinrich er\u00f6ffnete eine Bank in Berlin. 1856 hatte indes Louise, Tochter von Adolph Bauendahl Junior, einen Hermann Hardt geheiratet. Dieser war Repr\u00e4sentant der alteingesessenen Firma Johann W\u00fclfing &#038; Sohn.<\/p>\n<p>W\u00fclfing erwarb sp\u00e4ter die Villa von Adolph Bauendahl Junior aus der Erbmasse f\u00fcr Hermann Hardt und dessen Frau Louise. So wurde das gesamte Erbe aufgeteilt sowie ver\u00e4u\u00dfert. Ebenso die gr\u00f6\u00dfte der drei Fabriken, das Etablissement in Dahlhausen, das \u00f6ffentlich versteigert wurde. Auch hier erhielt W\u00fclfing den Zuschlag. Die Erbengemeinschaft Bauendahl wollte einen Preis von 63.094 Talern erreichen, der vorher von Sachverst\u00e4ndigen festgelegt worden war. Das Areal umfasste 80 Morgen, also etwa 20 Hektar, Land und acht Geb\u00e4ude. Dazu das gro\u00dfe Fabrikgeb\u00e4ude mit dem eisernen Wasserrad und einer Dampfmaschine.<\/p>\n<\/div><\/div><\/div><div class=\"fusion-panel panel-default panel-eb9430b21f41161f0 fusion-toggle-has-divider\" style=\"--awb-title-color:var(--awb-color5);--awb-content-color:var(--awb-color5);\"><div class=\"panel-heading\"><h4 class=\"panel-title toggle\" id=\"toggle_eb9430b21f41161f0\"><a aria-expanded=\"false\" aria-controls=\"eb9430b21f41161f0\" role=\"button\" data-toggle=\"collapse\" data-target=\"#eb9430b21f41161f0\" href=\"#eb9430b21f41161f0\"><span class=\"fusion-toggle-icon-wrapper\" aria-hidden=\"true\"><i class=\"fa-fusion-box active-icon awb-icon-minus\" aria-hidden=\"true\"><\/i><i class=\"fa-fusion-box inactive-icon awb-icon-plus\" aria-hidden=\"true\"><\/i><\/span><span class=\"fusion-toggle-heading\">Eine neue \u00c4ra beginnt<\/span><\/a><\/h4><\/div><div id=\"eb9430b21f41161f0\" class=\"panel-collapse collapse \" aria-labelledby=\"toggle_eb9430b21f41161f0\"><div class=\"panel-body toggle-content fusion-clearfix\">\n<p>Damit begann die Wu\u0308lfing\/Hardt-\u00c4ra in Dahlhausen. Nach dem Kauf 1866 leiteten Albert, Friedrich Hermann Hardt die Fabrik. Ihr Vetter Arnold Wilhelm Hardt unterst\u00fctzte sie dabei. Der sp\u00e4ter so bekannte Baumeister Albert Schmidt sollte als damals noch 25-j\u00e4hriger Maurermeister die Pl\u00e4ne f\u00fcr ihre neue Streichgarnspinnerei umsetzen. Die Bauten entwarf allerdings zwischen 1866 und 1869 der Neusser Baumeister Julius Thomas. Gebaut wurde nach englischem Vorbild und nicht mehr nach dem bergischen Standard in Fachwerkbauweise. Ab 1870 plante und konstruierte dann nur noch Albert Schmidt f\u00fcr die Hardts. Die Br\u00fcder Hardt waren Tuchfabrikanten und Kaufleute, \u00fcber eine Spinnerei wussten sie allerdings nicht viel.<\/p>\n<p>Daher holten sie im Sommer 1867 Theodor Pocorny als Direktor dazu.<br \/>\nEr kam von der Firma Arendt in Zielenzig im heutigen Polen und war nun f\u00fcr die Leitung und Einrichtung der Spinnerei sowie den Ein- und Verkauf verantwortlich.<br \/>\nMan schaffte nun die modernsten Maschinen an, mit denen man gleichm\u00e4\u00dfig rundes Vorgarn produzierte.<\/p>\n<\/div><\/div><\/div><div class=\"fusion-panel panel-default panel-452afb76845526682 fusion-toggle-has-divider\" style=\"--awb-title-color:var(--awb-color5);--awb-content-color:var(--awb-color5);\"><div class=\"panel-heading\"><h4 class=\"panel-title toggle\" id=\"toggle_452afb76845526682\"><a aria-expanded=\"false\" aria-controls=\"452afb76845526682\" role=\"button\" data-toggle=\"collapse\" data-target=\"#452afb76845526682\" href=\"#452afb76845526682\"><span class=\"fusion-toggle-icon-wrapper\" aria-hidden=\"true\"><i class=\"fa-fusion-box active-icon awb-icon-minus\" aria-hidden=\"true\"><\/i><i class=\"fa-fusion-box inactive-icon awb-icon-plus\" aria-hidden=\"true\"><\/i><\/span><span class=\"fusion-toggle-heading\">Innovative Produkte f\u00fcr den Geist der Zeit<\/span><\/a><\/h4><\/div><div id=\"452afb76845526682\" class=\"panel-collapse collapse \" aria-labelledby=\"toggle_452afb76845526682\"><div class=\"panel-body toggle-content fusion-clearfix\">\n<p>Nach dem Deutsch-Franz\u00f6sischen Krieg 1870\/71 und den folgenden Gr\u00fcnderjahren im neuen Deutschen Reich bevorzugten die Kunden pl\u00f6tzlich gr\u00f6\u00dftenteils glatte Kleidung, die sich mit Streichgarn kaum herstellen lie\u00df. In Mode waren nun Kammgarnartikel, die zudem preisg\u00fcnstiger sein mussten, weil die Mode schnelllebiger wurde. Eine Produktionsumstellung war dringend erforderlich, um das neue Produkt produzieren zu k\u00f6nnen. F\u00fcr die neue Kammgarnspinnerei erfolgten Versuche mit Vigogne-Garnen, die aus einem Gemisch von Baumwolle und reiner Wolle bestanden. Zudem versuchte man Kunstwolle oder Rei\u00dfwolle als Zusatz zu nehmen. Diese Wollabf\u00e4lle bestanden aus Lumpen oder anderen gebrauchten Textilien. Durch die Reinigung der alten Materialien entstanden allerdings auch mehr Abw\u00e4sser, die nach dem Reinigen, Karbonisieren und F\u00e4rben der Lumpen und Kunstwolle per Beh\u00f6rden-Auflage der K\u00f6niglichen Regierung in D\u00fcsseldorf nur gekl\u00e4rt in die Wupper wieder eingelassen werden durften.<\/p>\n<p>Am 28. November 1884 erhielt die Firma die Konzession zur Herstellung von t\u00e4glich 500 Kilogramm Kunstwolle aus Lumpen. Bald waren 50 M\u00e4dchen f\u00fcr die Sortierung im sogenannten Lumpenshed zust\u00e4ndig. Hier sortierte man in Neutuch (Schneiderabf\u00e4lle), Alttuch (Wolllumpen), Tibet (Damentuch), Zephir (feine Strickwaren), Shoddy (grobe Strickwaren) sowie Mungo (Abfall von Streichgarn). 1909 wurde in diesem Lumpenshed eine Entstaubungsanlage eingebaut. Denn die Lumpen waren mit Bakterien verseucht, die die M\u00e4dchen beim Sortieren einatmeten.<\/p>\n<\/div><\/div><\/div><div class=\"fusion-panel panel-default panel-2912782bdea801d7e fusion-toggle-has-divider\" style=\"--awb-title-color:var(--awb-color5);--awb-content-color:var(--awb-color5);\"><div class=\"panel-heading\"><h4 class=\"panel-title toggle\" id=\"toggle_2912782bdea801d7e\"><a aria-expanded=\"false\" aria-controls=\"2912782bdea801d7e\" role=\"button\" data-toggle=\"collapse\" data-target=\"#2912782bdea801d7e\" href=\"#2912782bdea801d7e\"><span class=\"fusion-toggle-icon-wrapper\" aria-hidden=\"true\"><i class=\"fa-fusion-box active-icon awb-icon-minus\" aria-hidden=\"true\"><\/i><i class=\"fa-fusion-box inactive-icon awb-icon-plus\" aria-hidden=\"true\"><\/i><\/span><span class=\"fusion-toggle-heading\">Aus Johann Wu\u0308lfing & Sohn wird Hardt, Pocorny & Co.<\/span><\/a><\/h4><\/div><div id=\"2912782bdea801d7e\" class=\"panel-collapse collapse \" aria-labelledby=\"toggle_2912782bdea801d7e\"><div class=\"panel-body toggle-content fusion-clearfix\">\n<p>Am 1. Januar 1884 traten die bisherigen Macher des Unternehmens, Rudolf Hardt Sen. und sein Vetter Robert Hardt, aus der Firma Johann W\u00fclfing &#038; Sohn aus. Zeitgleich wurde der bisherige leitende Direktor der Spinnerei, Theodor Pocorny, nun in die neue Firma aufgenommen, ebenso sein mitgebrachtes Eigenkapital. Die Bezeichnung Johann W\u00fclfing &#038; Sohn wurde f\u00fcr Dahlhausen in Hardt, Pocorny &#038; Co. umgewandelt. Der Gesch\u00e4ftsvertrag der beiden Hardts von 1879 verl\u00e4ngerte sich damit, denn sie waren in der neuen Firma wieder mit an Bord, ebenso das Kommanditkapital von 500.000, \u2013 Mark von Johann W\u00fclfing &#038; Sohn, mit dem sich die Firma beteiligte.<\/p>\n<p>Als man immer mehr zu der Herstellung von Kammgarnen \u00fcberging, wurde das Unternehmen am 1. Januar 1898 von einer KG zu einer GmbH. Der neuen GmbH standen nun Rudolf Hardt und Theodor Pocorny als Gesch\u00e4ftsf\u00fchrer vor. Robert Hardt hatte sich bereits 1892 aus der Firma zur\u00fcckgezogen. 1890 wurde die Gasbeleuchtung in der Fabrik durch eine moderne Glu\u0308hlampenbeleuchtung ersetzt, damit war das Unternehmen die erste Fabrik in Deutschland, die diesen Schritt ging. Siemens &#038; Halske aus Berlin lieferte die Beleuchtung.<\/p>\n<\/div><\/div><\/div><div class=\"fusion-panel panel-default panel-8a7e57c408814e01c fusion-toggle-has-divider\" style=\"--awb-title-color:var(--awb-color5);--awb-content-color:var(--awb-color5);\"><div class=\"panel-heading\"><h4 class=\"panel-title toggle\" id=\"toggle_8a7e57c408814e01c\"><a aria-expanded=\"false\" aria-controls=\"8a7e57c408814e01c\" role=\"button\" data-toggle=\"collapse\" data-target=\"#8a7e57c408814e01c\" href=\"#8a7e57c408814e01c\"><span class=\"fusion-toggle-icon-wrapper\" aria-hidden=\"true\"><i class=\"fa-fusion-box active-icon awb-icon-minus\" aria-hidden=\"true\"><\/i><i class=\"fa-fusion-box inactive-icon awb-icon-plus\" aria-hidden=\"true\"><\/i><\/span><span class=\"fusion-toggle-heading\">Das Kammgarn ver\u00e4ndert die Mode und ihre Produktion<\/span><\/a><\/h4><\/div><div id=\"8a7e57c408814e01c\" class=\"panel-collapse collapse \" aria-labelledby=\"toggle_8a7e57c408814e01c\"><div class=\"panel-body toggle-content fusion-clearfix\">\n<p>Ende des 19. Jahrhunderts wurde immer klarer, dass Kammgarnartikel die Modeszene langfristig beeinflussen w\u00fcrden. Die k\u00fcnftige Firmenstrategie sah nun vor, dass ein Drittel der Produktionskapazit.t in das neue Kammgarn gesteckt werden musste. Ein eigens zusammengestelltes Spezialistenteam begann in einer kleinen Versuchsabteilung damit, das neue Verfahren zu entwickeln. Aus dieser Versuchsabteilung mit 2000 Spindeln wurde im Laufe der Zeit eine komplette Produktionsstrecke, die aus vier Spinnmaschinen und den dazugeh\u00f6rigen Vorbereitungsmaschinen mit 11.800 Spindeln bestand.<\/p>\n<div class=\"fusion-image-element\" style=\"text-align:center;--awb-margin-bottom:30px;--awb-caption-title-font-family:var(--h2_typography-font-family);--awb-caption-title-font-weight:var(--h2_typography-font-weight);--awb-caption-title-font-style:var(--h2_typography-font-style);--awb-caption-title-size:var(--h2_typography-font-size);--awb-caption-title-transform:var(--h2_typography-text-transform);--awb-caption-title-line-height:var(--h2_typography-line-height);--awb-caption-title-letter-spacing:var(--h2_typography-letter-spacing);\"><span class=\" fusion-imageframe imageframe-none imageframe-9 hover-type-none\"><img decoding=\"async\" width=\"660\" height=\"474\" src=\"https:\/\/www.the-fabric-radevormwald.de\/wp-content\/uploads\/2026\/07\/tf-acc-11.png\" data-orig-src=\"https:\/\/www.the-fabric-radevormwald.de\/wp-content\/uploads\/2026\/07\/tf-acc-11.png\" alt class=\"lazyload img-responsive wp-image-216\" srcset=\"data:image\/svg+xml,%3Csvg%20xmlns%3D%27http%3A%2F%2Fwww.w3.org%2F2000%2Fsvg%27%20width%3D%27660%27%20height%3D%27474%27%20viewBox%3D%270%200%20660%20474%27%3E%3Crect%20width%3D%27660%27%20height%3D%27474%27%20fill-opacity%3D%220%22%2F%3E%3C%2Fsvg%3E\" data-srcset=\"https:\/\/www.the-fabric-radevormwald.de\/wp-content\/uploads\/2026\/07\/tf-acc-11-200x144.png 200w, https:\/\/www.the-fabric-radevormwald.de\/wp-content\/uploads\/2026\/07\/tf-acc-11-400x287.png 400w, https:\/\/www.the-fabric-radevormwald.de\/wp-content\/uploads\/2026\/07\/tf-acc-11-600x431.png 600w, https:\/\/www.the-fabric-radevormwald.de\/wp-content\/uploads\/2026\/07\/tf-acc-11.png 660w\" data-sizes=\"auto\" data-orig-sizes=\"(max-width: 640px) 100vw, 660px\" \/><\/span><\/div>\n<p>Nach der Ausweitung der Kunstwollproduktion warb das Unternehmen Sortierm\u00e4dels aus dem Ruhrgebiet an. Als Unterkunft f\u00fcr sie errichtete Albert Schmidt 1906 das erste M\u00e4dchenheim, Bauherr war Hardt, Pocorny &#038; Co. Hier teilten sich 60 junge Frauen 12 Zimmer. Drei Jahre sp\u00e4ter wurde das Geb\u00e4ude durch einen Anbau erweitert. Hier konnten 80 M\u00e4dchen in 18 Zimmern wohnen, 20 weitere auf dem Dachboden. F\u00fcr die insgesamt rund 160 jungen Frauen waren zwei Vorsteherinnen verantwortlich. Die Stadt Radevormwald erwarb Mitte der 1970er Jahre das Geb\u00e4ude, 1977 lie\u00df Sie das M\u00e4dchenheim abrei\u00dfen.<\/p>\n<\/div><\/div><\/div><div class=\"fusion-panel panel-default panel-60cb05901dd5dd204 fusion-toggle-has-divider\" style=\"--awb-title-color:var(--awb-color5);--awb-content-color:var(--awb-color5);\"><div class=\"panel-heading\"><h4 class=\"panel-title toggle\" id=\"toggle_60cb05901dd5dd204\"><a aria-expanded=\"false\" aria-controls=\"60cb05901dd5dd204\" role=\"button\" data-toggle=\"collapse\" data-target=\"#60cb05901dd5dd204\" href=\"#60cb05901dd5dd204\"><span class=\"fusion-toggle-icon-wrapper\" aria-hidden=\"true\"><i class=\"fa-fusion-box active-icon awb-icon-minus\" aria-hidden=\"true\"><\/i><i class=\"fa-fusion-box inactive-icon awb-icon-plus\" aria-hidden=\"true\"><\/i><\/span><span class=\"fusion-toggle-heading\">Die \u00bbIlse-Wolle\u00ab erobert die Welt<\/span><\/a><\/h4><\/div><div id=\"60cb05901dd5dd204\" class=\"panel-collapse collapse \" aria-labelledby=\"toggle_60cb05901dd5dd204\"><div class=\"panel-body toggle-content fusion-clearfix\">\n<p>W\u00e4hrend des Ersten Weltkriegs stoppte die weitere Umstellung auf Kammgarn, da kaum noch Wolle herangeschafft werden konnte. Daher bediente man sich wieder der Kunstwolle als Ersatz. Es wurde also wieder Streichgarn produziert, danach haupts\u00e4chlich Web- und Maschinengarne. 1926 kam der Firmen-Klassiker auf den Markt, die Ilse-Wolle. Dabei handelte es sich um ein locker gedrehtes Handstrickgarn, das schnell zu einem Verkaufs-schlager avancierte. Namensgeberin war die 1911 geborene Tochter von Rudolf Hardt Jun., Ilse.<\/p>\n<div class=\"fusion-image-element\" style=\"text-align:center;--awb-margin-bottom:30px;--awb-max-width:125px;--awb-caption-title-font-family:var(--h2_typography-font-family);--awb-caption-title-font-weight:var(--h2_typography-font-weight);--awb-caption-title-font-style:var(--h2_typography-font-style);--awb-caption-title-size:var(--h2_typography-font-size);--awb-caption-title-transform:var(--h2_typography-text-transform);--awb-caption-title-line-height:var(--h2_typography-line-height);--awb-caption-title-letter-spacing:var(--h2_typography-letter-spacing);\"><span class=\" fusion-imageframe imageframe-none imageframe-10 hover-type-none\"><img decoding=\"async\" width=\"367\" height=\"346\" src=\"https:\/\/www.the-fabric-radevormwald.de\/wp-content\/uploads\/2026\/07\/tf-acc-12.png\" data-orig-src=\"https:\/\/www.the-fabric-radevormwald.de\/wp-content\/uploads\/2026\/07\/tf-acc-12.png\" alt class=\"lazyload img-responsive wp-image-217\" srcset=\"data:image\/svg+xml,%3Csvg%20xmlns%3D%27http%3A%2F%2Fwww.w3.org%2F2000%2Fsvg%27%20width%3D%27367%27%20height%3D%27346%27%20viewBox%3D%270%200%20367%20346%27%3E%3Crect%20width%3D%27367%27%20height%3D%27346%27%20fill-opacity%3D%220%22%2F%3E%3C%2Fsvg%3E\" data-srcset=\"https:\/\/www.the-fabric-radevormwald.de\/wp-content\/uploads\/2026\/07\/tf-acc-12-200x189.png 200w, https:\/\/www.the-fabric-radevormwald.de\/wp-content\/uploads\/2026\/07\/tf-acc-12.png 367w\" data-sizes=\"auto\" data-orig-sizes=\"(max-width: 640px) 100vw, 367px\" \/><\/span><\/div>\n<p>Wegen des gro\u00dfen Erfolges der Ilse-Wolle konnte 1928 die Streichgarnabteilung geschlossen werden. Dieser Entschluss fiel besonders dem Sohn von Theodor Pocorny, Hermann Pocorny, sehr schwer. Er leitete zusammen mit seinem Vater die Streichgarnabteilung, in der er auch seine eigene Ausbildung absolviert hatte.<\/p>\n<p>Hans Joachim Hardt, Sohn von Fritz Hardt, trat nun in die Fu\u00dfstapfen von Hermann Pocorny. In mehreren in- und ausl\u00e4ndischen Textilbetrieben erlernte er seine technische und kaufm\u00e4nnische Ausbildung, 1929 wanderte er nach S\u00fcdamerika aus. 1936 kehrte er zur\u00fcck und trat als Komplement\u00e4r in die Spinnerei von Hardt, Pocorny &#038; Co. ein. Nach dem Ende des Zweiten Weltkriegs und folgender Kriegsgefangenschaft stieg er 1946 in die Chefetage des Unternehmens ein. Das Werk hatte den Krieg ohne Schaden \u00fcberstanden.<\/p>\n<\/div><\/div><\/div><div class=\"fusion-panel panel-default panel-5308bf615baebd3c1 fusion-toggle-has-divider\" style=\"--awb-title-color:var(--awb-color5);--awb-content-color:var(--awb-color5);\"><div class=\"panel-heading\"><h4 class=\"panel-title toggle\" id=\"toggle_5308bf615baebd3c1\"><a aria-expanded=\"false\" aria-controls=\"5308bf615baebd3c1\" role=\"button\" data-toggle=\"collapse\" data-target=\"#5308bf615baebd3c1\" href=\"#5308bf615baebd3c1\"><span class=\"fusion-toggle-icon-wrapper\" aria-hidden=\"true\"><i class=\"fa-fusion-box active-icon awb-icon-minus\" aria-hidden=\"true\"><\/i><i class=\"fa-fusion-box inactive-icon awb-icon-plus\" aria-hidden=\"true\"><\/i><\/span><span class=\"fusion-toggle-heading\">Von den 50er Jahren bis zum Ende der Textilproduktion<\/span><\/a><\/h4><\/div><div id=\"5308bf615baebd3c1\" class=\"panel-collapse collapse \" aria-labelledby=\"toggle_5308bf615baebd3c1\"><div class=\"panel-body toggle-content fusion-clearfix\">\n<p>Anfang der 1950er Jahre war das Unternehmen mit seinem Dauerbrenner Ilse-Wolle wieder voll auf dem deutschen Markt vertreten und z\u00e4hlte zu den gr\u00f6\u00dften Erzeugern von Handstrickgarnen. Zudem entwickelte man Maschinenstrickgarne f\u00fcr die Strickerei-und Wirkerei-Industrie. Zwischen 1949 und 1956 wurde die Fabrik aus- und umgebaut. Die rohwei\u00dfen Kammz\u00fcge oder Bumps lieferte die Bremer Wollk\u00e4mmerei an. Die letzten Jahre des Unternehmens waren gepr\u00e4gt von Rationalisierungsma\u00dfnahmen und Kosteneinsparungen, um auf dem Markt konkurrenzf\u00e4hig zu bleiben. Ende der 1960er Jahre wurde die F\u00e4rberei ganz aufgegeben, die gef\u00e4rbten Kammz\u00fcge lieferte eine F\u00e4rberei im belgischen Verviers.<\/p>\n<div class=\"fusion-image-element\" style=\"text-align:center;--awb-margin-bottom:30px;--awb-caption-title-font-family:var(--h2_typography-font-family);--awb-caption-title-font-weight:var(--h2_typography-font-weight);--awb-caption-title-font-style:var(--h2_typography-font-style);--awb-caption-title-size:var(--h2_typography-font-size);--awb-caption-title-transform:var(--h2_typography-text-transform);--awb-caption-title-line-height:var(--h2_typography-line-height);--awb-caption-title-letter-spacing:var(--h2_typography-letter-spacing);\"><span class=\" fusion-imageframe imageframe-none imageframe-11 hover-type-none\"><img decoding=\"async\" width=\"652\" height=\"738\" src=\"https:\/\/www.the-fabric-radevormwald.de\/wp-content\/uploads\/2026\/07\/tf-acc-13.png\" data-orig-src=\"https:\/\/www.the-fabric-radevormwald.de\/wp-content\/uploads\/2026\/07\/tf-acc-13.png\" alt class=\"lazyload img-responsive wp-image-218\" srcset=\"data:image\/svg+xml,%3Csvg%20xmlns%3D%27http%3A%2F%2Fwww.w3.org%2F2000%2Fsvg%27%20width%3D%27652%27%20height%3D%27738%27%20viewBox%3D%270%200%20652%20738%27%3E%3Crect%20width%3D%27652%27%20height%3D%27738%27%20fill-opacity%3D%220%22%2F%3E%3C%2Fsvg%3E\" data-srcset=\"https:\/\/www.the-fabric-radevormwald.de\/wp-content\/uploads\/2026\/07\/tf-acc-13-200x226.png 200w, https:\/\/www.the-fabric-radevormwald.de\/wp-content\/uploads\/2026\/07\/tf-acc-13-400x453.png 400w, https:\/\/www.the-fabric-radevormwald.de\/wp-content\/uploads\/2026\/07\/tf-acc-13-600x679.png 600w, https:\/\/www.the-fabric-radevormwald.de\/wp-content\/uploads\/2026\/07\/tf-acc-13.png 652w\" data-sizes=\"auto\" data-orig-sizes=\"(max-width: 640px) 100vw, 652px\" \/><\/span><\/div>\n<p>1966 feierte das Unternehmen sein 100-j\u00e4hriges Bestehen. Ende der 1960er Jahre gab es f\u00fcr die Arbeiter eine Kurzarbeitsperiode, immer mehr Werkshallen standen langsam leer und wurden vermietet. Seit Mitte der 1960er Jahre ging es bereits mit der Firma bergab. Zu ihrer Blu\u0308tezeit waren hier rund 1000 Mitarbeiter besch\u00e4ftigt, 1968 waren nur noch 450 Menschen angestellt. Im September 1973 wurde wieder Kurzarbeit eingef\u00fchrt, da sich die Lage auf dem Textilmarkt versch\u00e4rfte. Im folgenden Februar gab der Sprecher der Gesch\u00e4ftsleitung unter Firmenchef Hans Joachim Hardt das Produktionsende und die Schlie\u00dfung der Spinnerei mit ihren \u00fcber 100 Mitarbeitern f\u00fcr den Fr\u00fchling bekannt. F\u00fcr 50 Arbeiter blieb der Weg in die Kammgarnspinnerei von Johann W\u00fclfing &#038; Sohn offen, wohin auch die letzten modernen Maschinen gehen sollten. Unter den restlichen Mitarbeitern befanden sich viele, die bald in Rente gingen. Fu\u0308r die \u00fcbrigen wurde mit dem Betriebsrat ein Sozialplan aufgestellt.<\/p>\n<p>Am 31. M\u00e4rz 1974 wurde das Werkstor f\u00fcr immer geschlossen. Hardt, Pocorny &#038; Co. war der erste Textilgro\u00dfbetrieb der Radevormwalder Wupperortschaften, der geschlossen wurde.<\/p>\n<\/div><\/div><\/div><div class=\"fusion-panel panel-default panel-9b5beec672a852f01 fusion-toggle-has-divider\" style=\"--awb-title-color:var(--awb-color5);--awb-content-color:var(--awb-color5);\"><div class=\"panel-heading\"><h4 class=\"panel-title toggle\" id=\"toggle_9b5beec672a852f01\"><a aria-expanded=\"false\" aria-controls=\"9b5beec672a852f01\" role=\"button\" data-toggle=\"collapse\" data-target=\"#9b5beec672a852f01\" href=\"#9b5beec672a852f01\"><span class=\"fusion-toggle-icon-wrapper\" aria-hidden=\"true\"><i class=\"fa-fusion-box active-icon awb-icon-minus\" aria-hidden=\"true\"><\/i><i class=\"fa-fusion-box inactive-icon awb-icon-plus\" aria-hidden=\"true\"><\/i><\/span><span class=\"fusion-toggle-heading\">Neue Nutzungen und Eigent\u00fcmer seit den 1980er Jahren<\/span><\/a><\/h4><\/div><div id=\"9b5beec672a852f01\" class=\"panel-collapse collapse \" aria-labelledby=\"toggle_9b5beec672a852f01\"><div class=\"panel-body toggle-content fusion-clearfix\">\n<p>Die Geb\u00e4ude der Spinnerei geh\u00f6rten bis 1981 den HARDTS, danach \u00fcbernahm ein Investor die Werkshallen. Sp\u00e4ter benutzten kleinere Betriebe die leerstehenden Geb\u00e4ude als Lager oder Produktionsstandort. Ein weiterer Investor f\u00fcr die Herstellung von Grundchemikalien f\u00fcr die Gummiindustrie war Ende 1984 gefunden. Dagegen sprach sich allerdings eine B\u00fcrgerinitiative aus, so dass das Unternehmen seinen Antrag bei der Stadt im M\u00e4rz 1985 zur\u00fcckzog. Danach siedelten sich in Teilen des Geb\u00e4udekomplexes Kleinbetriebe an. 2025 \u00fcbernahm die renaissance Immobilien und Beteiligungen AG das Areal.<\/p>\n<div class=\"fusion-image-element\" style=\"text-align:center;--awb-margin-bottom:30px;--awb-caption-title-font-family:var(--h2_typography-font-family);--awb-caption-title-font-weight:var(--h2_typography-font-weight);--awb-caption-title-font-style:var(--h2_typography-font-style);--awb-caption-title-size:var(--h2_typography-font-size);--awb-caption-title-transform:var(--h2_typography-text-transform);--awb-caption-title-line-height:var(--h2_typography-line-height);--awb-caption-title-letter-spacing:var(--h2_typography-letter-spacing);\"><span class=\" fusion-imageframe imageframe-none imageframe-12 hover-type-none\"><img decoding=\"async\" width=\"652\" height=\"468\" src=\"https:\/\/www.the-fabric-radevormwald.de\/wp-content\/uploads\/2026\/07\/tf-acc-14.png\" data-orig-src=\"https:\/\/www.the-fabric-radevormwald.de\/wp-content\/uploads\/2026\/07\/tf-acc-14.png\" alt class=\"lazyload img-responsive wp-image-219\" srcset=\"data:image\/svg+xml,%3Csvg%20xmlns%3D%27http%3A%2F%2Fwww.w3.org%2F2000%2Fsvg%27%20width%3D%27652%27%20height%3D%27468%27%20viewBox%3D%270%200%20652%20468%27%3E%3Crect%20width%3D%27652%27%20height%3D%27468%27%20fill-opacity%3D%220%22%2F%3E%3C%2Fsvg%3E\" data-srcset=\"https:\/\/www.the-fabric-radevormwald.de\/wp-content\/uploads\/2026\/07\/tf-acc-14-200x144.png 200w, https:\/\/www.the-fabric-radevormwald.de\/wp-content\/uploads\/2026\/07\/tf-acc-14-400x287.png 400w, https:\/\/www.the-fabric-radevormwald.de\/wp-content\/uploads\/2026\/07\/tf-acc-14-600x431.png 600w, https:\/\/www.the-fabric-radevormwald.de\/wp-content\/uploads\/2026\/07\/tf-acc-14.png 652w\" data-sizes=\"auto\" data-orig-sizes=\"(max-width: 640px) 100vw, 652px\" \/><\/span><\/div>\n<\/div><\/div><\/div><\/div><\/div><\/div><\/div><\/div><\/div><div id=\"bautraeger\" class=\"fusion-container-anchor\"><div class=\"fusion-fullwidth fullwidth-box fusion-builder-row-9 fusion-flex-container has-pattern-background has-mask-background nonhundred-percent-fullwidth non-hundred-percent-height-scrolling\" style=\"--awb-border-radius-top-left:0px;--awb-border-radius-top-right:0px;--awb-border-radius-bottom-right:0px;--awb-border-radius-bottom-left:0px;--awb-flex-wrap:wrap;\" ><div class=\"fusion-builder-row fusion-row fusion-flex-align-items-flex-start fusion-flex-content-wrap\" style=\"max-width:1248px;margin-left: calc(-4% \/ 2 );margin-right: calc(-4% \/ 2 );\"><div class=\"fusion-layout-column fusion_builder_column fusion-builder-column-13 fusion_builder_column_1_1 1_1 fusion-flex-column\" style=\"--awb-bg-size:cover;--awb-width-large:100%;--awb-margin-top-large:0px;--awb-spacing-right-large:1.92%;--awb-margin-bottom-large:20px;--awb-spacing-left-large:1.92%;--awb-width-medium:100%;--awb-order-medium:0;--awb-spacing-right-medium:1.92%;--awb-spacing-left-medium:1.92%;--awb-width-small:100%;--awb-order-small:0;--awb-spacing-right-small:1.92%;--awb-spacing-left-small:1.92%;\"><div class=\"fusion-column-wrapper fusion-column-has-shadow fusion-flex-justify-content-flex-start fusion-content-layout-column\"><div class=\"fusion-image-element\" style=\"text-align:center;--awb-margin-bottom:15px;--awb-margin-left:75px;--awb-margin-bottom-medium:0px;--awb-margin-bottom-small:0px;--awb-max-width:180px;--awb-caption-title-font-family:var(--h2_typography-font-family);--awb-caption-title-font-weight:var(--h2_typography-font-weight);--awb-caption-title-font-style:var(--h2_typography-font-style);--awb-caption-title-size:var(--h2_typography-font-size);--awb-caption-title-transform:var(--h2_typography-text-transform);--awb-caption-title-line-height:var(--h2_typography-line-height);--awb-caption-title-letter-spacing:var(--h2_typography-letter-spacing);\"><span class=\" fusion-imageframe imageframe-none imageframe-13 hover-type-none fusion-animated\" data-animationType=\"flipinx\" data-animationDuration=\"0.6\" data-animationDelay=\"0.3\" data-animationOffset=\"top-into-view\"><img decoding=\"async\" width=\"360\" height=\"312\" src=\"https:\/\/www.the-fabric-radevormwald.de\/wp-content\/uploads\/2026\/07\/the-fabric-icon-r.png\" data-orig-src=\"https:\/\/www.the-fabric-radevormwald.de\/wp-content\/uploads\/2026\/07\/the-fabric-icon-r.png\" alt class=\"lazyload img-responsive wp-image-221\" srcset=\"data:image\/svg+xml,%3Csvg%20xmlns%3D%27http%3A%2F%2Fwww.w3.org%2F2000%2Fsvg%27%20width%3D%27360%27%20height%3D%27312%27%20viewBox%3D%270%200%20360%20312%27%3E%3Crect%20width%3D%27360%27%20height%3D%27312%27%20fill-opacity%3D%220%22%2F%3E%3C%2Fsvg%3E\" data-srcset=\"https:\/\/www.the-fabric-radevormwald.de\/wp-content\/uploads\/2026\/07\/the-fabric-icon-r-200x173.png 200w, https:\/\/www.the-fabric-radevormwald.de\/wp-content\/uploads\/2026\/07\/the-fabric-icon-r.png 360w\" data-sizes=\"auto\" data-orig-sizes=\"(max-width: 640px) 100vw, 360px\" \/><\/span><\/div><\/div><\/div><\/div><\/div><\/div><div class=\"fusion-fullwidth fullwidth-box fusion-builder-row-10 fusion-flex-container has-pattern-background has-mask-background nonhundred-percent-fullwidth non-hundred-percent-height-scrolling\" style=\"--awb-border-radius-top-left:0px;--awb-border-radius-top-right:0px;--awb-border-radius-bottom-right:0px;--awb-border-radius-bottom-left:0px;--awb-padding-top:30px;--awb-padding-bottom:30px;--awb-padding-top-medium:30px;--awb-padding-bottom-medium:30px;--awb-padding-top-small:30px;--awb-padding-bottom-small:30px;--awb-flex-wrap:wrap;\" ><div class=\"fusion-builder-row fusion-row fusion-flex-align-items-stretch fusion-flex-content-wrap\" style=\"max-width:calc( 1200px + 0px );margin-left: calc(-0px \/ 2 );margin-right: calc(-0px \/ 2 );\"><div class=\"fusion-layout-column fusion_builder_column fusion-builder-column-14 fusion_builder_column_1_2 1_2 fusion-flex-column fusion-animated\" style=\"--awb-padding-top:90px;--awb-padding-right:30px;--awb-padding-bottom:90px;--awb-padding-left:30px;--awb-padding-top-medium:90px;--awb-padding-right-medium:30px;--awb-padding-bottom-medium:90px;--awb-padding-left-medium:30px;--awb-padding-top-small:90px;--awb-padding-right-small:30px;--awb-padding-bottom-small:90px;--awb-padding-left-small:30px;--awb-bg-color:var(--awb-color2);--awb-bg-color-hover:var(--awb-color2);--awb-bg-size:cover;--awb-width-large:50%;--awb-margin-top-large:0px;--awb-spacing-right-large:0px;--awb-margin-bottom-large:20px;--awb-spacing-left-large:0px;--awb-width-medium:100%;--awb-order-medium:0;--awb-spacing-right-medium:0px;--awb-margin-bottom-medium:0;--awb-spacing-left-medium:0px;--awb-width-small:100%;--awb-order-small:0;--awb-spacing-right-small:0px;--awb-margin-bottom-small:0;--awb-spacing-left-small:0px;\" data-animationType=\"fadeInLeft\" data-animationDuration=\"0.4\" data-animationDelay=\"0.2\" data-animationOffset=\"top-into-view\" data-scroll-devices=\"small-visibility,medium-visibility,large-visibility\"><div class=\"fusion-column-wrapper fusion-column-has-shadow fusion-flex-justify-content-center fusion-content-layout-column\"><div class=\"fusion-title title fusion-title-17 fusion-sep-none fusion-title-center fusion-title-text fusion-title-size-two\" style=\"--awb-margin-top:0px;--awb-margin-bottom:0px;--awb-margin-top-small:0px;--awb-margin-right-small:0px;--awb-margin-bottom-small:0px;--awb-margin-left-small:0px;--awb-margin-top-medium:0px;--awb-margin-bottom-medium:0px;\"><h2 class=\"fusion-title-heading title-heading-center fusion-responsive-typography-calculated\" style=\"margin:0;text-transform:uppercase;--fontSize:70;line-height:var(--awb-typography1-line-height);\">Altes bewahren und in neuem<\/h2><\/div><div class=\"fusion-title title fusion-title-18 fusion-sep-none fusion-title-center fusion-title-text fusion-title-size-three\" style=\"--awb-margin-top:0px;--awb-margin-top-small:0px;--awb-margin-right-small:0px;--awb-margin-bottom-small:10px;--awb-margin-left-small:0px;--awb-margin-top-medium:0px;\"><h3 class=\"fusion-title-heading title-heading-center fusion-responsive-typography-calculated\" style=\"margin:0;text-transform:uppercase;--fontSize:70;line-height:var(--awb-typography1-line-height);\">Glanz erstrahlen lassen<\/h3><\/div><\/div><\/div><div class=\"fusion-layout-column fusion_builder_column fusion-builder-column-15 fusion_builder_column_1_2 1_2 fusion-flex-column fusion-animated\" style=\"--awb-padding-top:30px;--awb-padding-right:30px;--awb-padding-bottom:30px;--awb-padding-left:30px;--awb-padding-top-medium:30px;--awb-padding-right-medium:0px;--awb-padding-bottom-medium:30px;--awb-padding-left-medium:0px;--awb-padding-top-small:30px;--awb-padding-right-small:0px;--awb-padding-bottom-small:30px;--awb-padding-left-small:0px;--awb-bg-color:rgba(255,255,255,0.9);--awb-bg-color-hover:rgba(255,255,255,0.9);--awb-bg-size:cover;--awb-width-large:50%;--awb-margin-top-large:0px;--awb-spacing-right-large:0px;--awb-margin-bottom-large:20px;--awb-spacing-left-large:0px;--awb-width-medium:100%;--awb-order-medium:0;--awb-spacing-right-medium:0px;--awb-spacing-left-medium:0px;--awb-width-small:100%;--awb-order-small:0;--awb-spacing-right-small:0px;--awb-spacing-left-small:0px;\" data-animationType=\"fadeInLeft\" data-animationDuration=\"0.4\" data-animationDelay=\"0.6\" data-animationOffset=\"top-into-view\" data-scroll-devices=\"small-visibility,medium-visibility,large-visibility\"><div class=\"fusion-column-wrapper fusion-column-has-shadow fusion-flex-justify-content-center fusion-content-layout-column\"><div class=\"fusion-title title fusion-title-19 fusion-sep-none fusion-title-text fusion-title-size-four\" style=\"--awb-margin-bottom:30px;--awb-margin-top-small:10px;--awb-margin-right-small:0px;--awb-margin-bottom-small:30px;--awb-margin-left-small:0px;--awb-margin-bottom-medium:30px;\"><h4 class=\"fusion-title-heading title-heading-left fusion-responsive-typography-calculated\" style=\"margin:0;--fontSize:30;line-height:var(--awb-typography1-line-height);\">Die renaissance Immobilien und Beteiligungen AG ist spezialisiert auf die Entwicklung von Altbauten, historischen Fabrikgeb\u00e4uden und Geb\u00e4ude-Denkm\u00e4lern aus der Zeit um das 19. Jahrhundert.<\/h4><\/div><div class=\"fusion-text fusion-text-7\"><p>Durch die ressourcenschonende Vorgehensweise einer nachhaltigen Neunutzung leistet das Unternehmen einen wichtigen Beitrag zum Klimaschutz. Die renaissance AG saniert Immobilien nach h\u00f6chstem Standard und greift dabei auf die Erfahrung von \u00fcber 1000 Wohnungen zur\u00fcck. Alle Objekte werden mit Liebe zum Detail und Verst\u00e4ndnis f\u00fcr zeitgen\u00f6ssische Architektur behutsam renoviert und restauriert.<\/p>\n<p>Diese Firmenphilosophie schafft rentable Anlagem\u00f6glichkeiten f\u00fcr Investoren sowie historisch wertvollen Wohnraum f\u00fcr Mieter. \u00dcber die Entwicklung und den Verkauf der Immobilien hinaus werden erworbene Immobilien von der renaissance AG umfassend betreut. Daf\u00fcr setzt sich ein erfahrenes Team hoch qualifizierter Mitarbeiter in der Hausverwaltung ein. Der Unternehmenssitz der renaissance AG liegt im niederrheinischen Krefeld und in Wuppertal.<\/p>\n<\/div><div style=\"text-align:center;\"><a class=\"fusion-button button-flat fusion-button-default-size button-default fusion-button-default button-1 fusion-button-default-span fusion-button-default-type\" target=\"_self\" href=\"mailto:info@renaissance.ag\"><span class=\"fusion-button-text awb-button__text awb-button__text--default\">Sie haben noch Fragen? Dann kontaktieren Sie uns einfach!<\/span><\/a><\/div><\/div><\/div><\/div><\/div><\/p>\n","protected":false},"excerpt":{"rendered":"","protected":false},"author":1,"featured_media":0,"parent":0,"menu_order":0,"comment_status":"closed","ping_status":"closed","template":"100-width.php","meta":{"footnotes":""},"class_list":["post-7","page","type-page","status-publish","hentry"],"_links":{"self":[{"href":"https:\/\/www.the-fabric-radevormwald.de\/index.php?rest_route=\/wp\/v2\/pages\/7","targetHints":{"allow":["GET"]}}],"collection":[{"href":"https:\/\/www.the-fabric-radevormwald.de\/index.php?rest_route=\/wp\/v2\/pages"}],"about":[{"href":"https:\/\/www.the-fabric-radevormwald.de\/index.php?rest_route=\/wp\/v2\/types\/page"}],"author":[{"embeddable":true,"href":"https:\/\/www.the-fabric-radevormwald.de\/index.php?rest_route=\/wp\/v2\/users\/1"}],"replies":[{"embeddable":true,"href":"https:\/\/www.the-fabric-radevormwald.de\/index.php?rest_route=%2Fwp%2Fv2%2Fcomments&post=7"}],"version-history":[{"count":196,"href":"https:\/\/www.the-fabric-radevormwald.de\/index.php?rest_route=\/wp\/v2\/pages\/7\/revisions"}],"predecessor-version":[{"id":378,"href":"https:\/\/www.the-fabric-radevormwald.de\/index.php?rest_route=\/wp\/v2\/pages\/7\/revisions\/378"}],"wp:attachment":[{"href":"https:\/\/www.the-fabric-radevormwald.de\/index.php?rest_route=%2Fwp%2Fv2%2Fmedia&parent=7"}],"curies":[{"name":"wp","href":"https:\/\/api.w.org\/{rel}","templated":true}]}}